{"id":5939,"date":"2024-07-04T09:03:57","date_gmt":"2024-07-04T12:03:57","guid":{"rendered":"https:\/\/www.prcardio.org\/profissionais-saude\/?page_id=5939"},"modified":"2025-12-08T17:13:35","modified_gmt":"2025-12-08T19:13:35","slug":"espiritualidade-e-med-cardiovascular","status":"publish","type":"page","link":"https:\/\/www.prcardio.org\/profissionais-saude\/espiritualidade-e-med-cardiovascular\/","title":{"rendered":"Espiritualidade e Med. Cardiovascular"},"content":{"rendered":"<!--themify_builder_content-->\n<div id=\"themify_builder_content-5939\" data-postid=\"5939\" class=\"themify_builder_content themify_builder_content-5939 themify_builder tf_clear\">\n    \t<!-- module_row -->\n\t<div  data-lazy=\"1\" class=\"module_row themify_builder_row fullcover tb_3rxk330 tb_first tf_clearfix\" >\n\t    <div class=\"tf_abs builder_row_cover\"><\/div>\t\t<div class=\"row_inner col_align_top tf_box tf_w tf_rel\">\n\t\t\t<div  data-lazy=\"1\" class=\"module_column tb-column col3-2 first tb_ntqt335 tf_box\">\n\t\t\t    \t        <div class=\"tb-column-inner tf_box tf_w\">\n\t\t    <!-- module text -->\n<div  class=\"module module-text tb_164q338   \" data-lazy=\"1\">\n        <div  class=\"tb_text_wrap\">\n    <h1>Grupo de Espiritualidade e Medicina Cardiovascular<\/h1>\n    <\/div>\n<\/div>\n<!-- \/module text -->\t        <\/div>\n\t    \t<\/div>\n\t\t<div  data-lazy=\"1\" class=\"module_column tb-column col3-1 last tb_ekq8340 tf_box\">\n\t\t\t    \t<\/div>\n\t\t    <\/div>\n\t    <!-- \/row_inner -->\n\t<\/div>\n\t<!-- \/module_row -->\n\t\t<!-- module_row -->\n\t<div  data-lazy=\"1\" class=\"module_row themify_builder_row tb_x1as635 tf_clearfix\">\n\t    \t\t<div class=\"row_inner col_align_top tf_box tf_w tf_rel\">\n\t\t\t<div  data-lazy=\"1\" class=\"module_column tb-column col-full first tb_k96u636 tf_box\">\n\t\t\t    \t        <div class=\"tb-column-inner tf_box tf_w\">\n\t\t    <!-- module video -->\n<div  class=\"module module-video tb_0d30645 video-top  \" data-lazy=\"1\" data-url=\"https:\/\/youtu.be\/NbNXNzZLGeI\">\n    \t\t\t\t<div class=\"video-wrap-outer\">\n\t\t\t<div class=\"video-wrap tf_rel tf_overflow\">\n\t\t\t\t\t\t\t<\/div>\n\t\t\t<!-- \/video-wrap -->\n\t\t<\/div>\n\t\t<!-- \/video-wrap-outer -->\n\t\t\t\t\t<div class=\"video-content\">\n\t\t\t\t\t\t\t\t\t<h3 class=\"video-title\">\n\t\t\t\t\t\t\t\t\t\t\t\t\tEspiritualidade, Bem Estar Me\u0301dico e Humanizac\u0327a\u0303o, com Mauri\u0301cio Sperandio\t\t\t\t\t\t\t\t\t\t\t<\/h3>\n\t\t\t\t\n\t\t\t\t\t\t\t<\/div>\n\t\t\t<!-- \/video-content -->\n\t\t\t<\/div>\n<!-- module video -->\n<div  class=\"module module-video tb_0ol7500 video-top  \" data-lazy=\"1\" data-url=\"https:\/\/youtu.be\/4LrznVF9Ofw\">\n    \t\t\t\t<div class=\"video-wrap-outer\">\n\t\t\t<div class=\"video-wrap tf_rel tf_overflow\">\n\t\t\t\t\t\t\t<\/div>\n\t\t\t<!-- \/video-wrap -->\n\t\t<\/div>\n\t\t<!-- \/video-wrap-outer -->\n\t\t\t\t\t<div class=\"video-content\">\n\t\t\t\t\t\t\t\t\t<h3 class=\"video-title\">\n\t\t\t\t\t\t\t\t\t\t\t\t\tInsuficie\u0302ncia Cardi\u0301aca. Atualizac\u0327o\u0303es, desafios e papel da espiritualidade do paciente, com Li\u0301d\t\t\t\t\t\t\t\t\t\t\t<\/h3>\n\t\t\t\t\n\t\t\t\t\t\t\t<\/div>\n\t\t\t<!-- \/video-content -->\n\t\t\t<\/div>\n<!-- module video -->\n<div  class=\"module module-video tb_3iah587 video-top  \" data-lazy=\"1\" data-url=\"https:\/\/youtu.be\/6cdgAQw448w\">\n    \t\t\t\t<div class=\"video-wrap-outer\">\n\t\t\t<div class=\"video-wrap tf_rel tf_overflow\">\n\t\t\t\t\t\t\t<\/div>\n\t\t\t<!-- \/video-wrap -->\n\t\t<\/div>\n\t\t<!-- \/video-wrap-outer -->\n\t\t\t\t\t<div class=\"video-content\">\n\t\t\t\t\t\t\t\t\t<h3 class=\"video-title\">\n\t\t\t\t\t\t\t\t\t\t\t\t\tFatores Psicossociais nas Doenc\u0327as Cardiovasculares, com Ana Cla\u0301udia Merchan Giaxa\t\t\t\t\t\t\t\t\t\t\t<\/h3>\n\t\t\t\t\n\t\t\t\t\t\t\t<\/div>\n\t\t\t<!-- \/video-content -->\n\t\t\t<\/div>\n<!-- module video -->\n<div  class=\"module module-video tb_hz5l10 video-top  \" data-lazy=\"1\" data-url=\"https:\/\/www.youtube.com\/watch?v=LlFrvRstYnM\">\n    \t\t\t\t<div class=\"video-wrap-outer\">\n\t\t\t<div class=\"video-wrap tf_rel tf_overflow\">\n\t\t\t\t\t\t\t<\/div>\n\t\t\t<!-- \/video-wrap -->\n\t\t<\/div>\n\t\t<!-- \/video-wrap-outer -->\n\t\t\t\t\t<div class=\"video-content\">\n\t\t\t\t\t\t\t\t\t<h3 class=\"video-title\">\n\t\t\t\t\t\t\t\t\t\t\t\t\tMedicina Baseada em Valor - O Futuro dos Cuidados em Sau\u0301de, com Luiz Henrique Furlan\t\t\t\t\t\t\t\t\t\t\t<\/h3>\n\t\t\t\t\n\t\t\t\t\t\t\t<\/div>\n\t\t\t<!-- \/video-content -->\n\t\t\t<\/div>\n<!-- module video -->\n<div  class=\"module module-video tb_7k5e28 video-top  \" data-lazy=\"1\" data-url=\"https:\/\/www.youtube.com\/watch?v=GehYQ_IYAds\">\n    \t\t\t\t<div class=\"video-wrap-outer\">\n\t\t\t<div class=\"video-wrap tf_rel tf_overflow\">\n\t\t\t\t\t\t\t<\/div>\n\t\t\t<!-- \/video-wrap -->\n\t\t<\/div>\n\t\t<!-- \/video-wrap-outer -->\n\t\t\t\t\t<div class=\"video-content\">\n\t\t\t\t\t\t\t\t\t<h3 class=\"video-title\">\n\t\t\t\t\t\t\t\t\t\t\t\t\tDoenc\u0327a coronariana cro\u0302nica: atualidades e desdobramentos, com Jose\u0301 Augusto Ribas Fortes\t\t\t\t\t\t\t\t\t\t\t<\/h3>\n\t\t\t\t\n\t\t\t\t\t\t\t<\/div>\n\t\t\t<!-- \/video-content -->\n\t\t\t<\/div>\n<!-- module video -->\n<div  class=\"module module-video tb_le4m32 video-top  \" data-lazy=\"1\" data-url=\"https:\/\/www.youtube.com\/watch?v=ZQgV49jzMUM\">\n    \t\t\t\t<div class=\"video-wrap-outer\">\n\t\t\t<div class=\"video-wrap tf_rel tf_overflow\">\n\t\t\t\t\t\t\t<\/div>\n\t\t\t<!-- \/video-wrap -->\n\t\t<\/div>\n\t\t<!-- \/video-wrap-outer -->\n\t\t\t\t\t<div class=\"video-content\">\n\t\t\t\t\t\t\t\t\t<h3 class=\"video-title\">\n\t\t\t\t\t\t\t\t\t\t\t\t\tImpacto da Espiritualidade no Risco Cardiovascular, com Mauri\u0301cio Sperandio\t\t\t\t\t\t\t\t\t\t\t<\/h3>\n\t\t\t\t\n\t\t\t\t\t\t\t<\/div>\n\t\t\t<!-- \/video-content -->\n\t\t\t<\/div>\n<!-- module video -->\n<div  class=\"module module-video tb_0sgo78 video-top  \" data-lazy=\"1\" data-url=\"https:\/\/youtu.be\/0nSkglJYlV8\">\n    \t\t\t\t<div class=\"video-wrap-outer\">\n\t\t\t<div class=\"video-wrap tf_rel tf_overflow\">\n\t\t\t\t\t\t\t<\/div>\n\t\t\t<!-- \/video-wrap -->\n\t\t<\/div>\n\t\t<!-- \/video-wrap-outer -->\n\t\t\t\t\t<div class=\"video-content\">\n\t\t\t\t\t\t\t\t\t<h3 class=\"video-title\">\n\t\t\t\t\t\t\t\t\t\t\t\t\tMeditac\u0327a\u0303o e Cardiologia, com Evandro Krugel\t\t\t\t\t\t\t\t\t\t\t<\/h3>\n\t\t\t\t\n\t\t\t\t\t\t\t<\/div>\n\t\t\t<!-- \/video-content -->\n\t\t\t<\/div>\n\t        <\/div>\n\t    \t<\/div>\n\t\t    <\/div>\n\t    <!-- \/row_inner -->\n\t<\/div>\n\t<!-- \/module_row -->\n\t\t<!-- module_row -->\n\t<div  data-lazy=\"1\" class=\"module_row themify_builder_row tb_u0wl719 tf_clearfix\">\n\t    \t\t<div class=\"row_inner col_align_top tf_box tf_w tf_rel\">\n\t\t\t<div  data-lazy=\"1\" class=\"module_column tb-column col-full first tb_1xyf719 tf_box\">\n\t\t\t    \t        <div class=\"tb-column-inner tf_box tf_w\">\n\t\t    <!-- module video -->\n<div  class=\"module module-video tb_q04k719 video-top  \" data-lazy=\"1\" data-url=\"https:\/\/www.youtube.com\/watch?v=W3D16dmOnmw\">\n    \t\t\t\t<div class=\"video-wrap-outer\">\n\t\t\t<div class=\"video-wrap tf_rel tf_overflow\">\n\t\t\t\t\t\t\t<\/div>\n\t\t\t<!-- \/video-wrap -->\n\t\t<\/div>\n\t\t<!-- \/video-wrap-outer -->\n\t\t\t\t\t<div class=\"video-content\">\n\t\t\t\t\t\t\t\t\t<h3 class=\"video-title\">\n\t\t\t\t\t\t\t\t\t\t\t\t\tPerd\u00e3o e Gratid\u00e3o, com J\u00falio Tolentino\t\t\t\t\t\t\t\t\t\t\t<\/h3>\n\t\t\t\t\n\t\t\t\t\t\t\t<\/div>\n\t\t\t<!-- \/video-content -->\n\t\t\t<\/div>\n\t        <\/div>\n\t    \t<\/div>\n\t\t    <\/div>\n\t    <!-- \/row_inner -->\n\t<\/div>\n\t<!-- \/module_row -->\n\t\t<!-- module_row -->\n\t<div  data-lazy=\"1\" class=\"module_row themify_builder_row tb_dw6e515 tf_clearfix\">\n\t    \t\t<div class=\"row_inner col_align_top tf_box tf_w tf_rel\">\n\t\t\t<div  data-lazy=\"1\" class=\"module_column tb-column col-full first tb_h0h3515 tf_box\">\n\t\t\t    \t        <div class=\"tb-column-inner tf_box tf_w\">\n\t\t    <!-- module video -->\n<div  class=\"module module-video tb_w2x1515 video-top  \" data-lazy=\"1\" data-url=\"https:\/\/www.youtube.com\/watch?v=2SKZp2ati04\">\n    \t\t\t\t<div class=\"video-wrap-outer\">\n\t\t\t<div class=\"video-wrap tf_rel tf_overflow\">\n\t\t\t\t\t\t\t<\/div>\n\t\t\t<!-- \/video-wrap -->\n\t\t<\/div>\n\t\t<!-- \/video-wrap-outer -->\n\t\t\t\t\t<div class=\"video-content\">\n\t\t\t\t\t\t\t\t\t<h3 class=\"video-title\">\n\t\t\t\t\t\t\t\t\t\t\t\t\tEspiritualidade e Medicina Cardiovascular | Roberto Esporcatte | 25\/09\/24\t\t\t\t\t\t\t\t\t\t\t<\/h3>\n\t\t\t\t\n\t\t\t\t\t\t\t<\/div>\n\t\t\t<!-- \/video-content -->\n\t\t\t<\/div>\n\t        <\/div>\n\t    \t<\/div>\n\t\t    <\/div>\n\t    <!-- \/row_inner -->\n\t<\/div>\n\t<!-- \/module_row -->\n\t\t<!-- module_row -->\n\t<div  data-lazy=\"1\" class=\"module_row themify_builder_row tb_he5b78 tf_clearfix\">\n\t    \t\t<div class=\"row_inner col_align_top tf_box tf_w tf_rel\">\n\t\t\t<div  data-lazy=\"1\" class=\"module_column tb-column col-full first tb_q4o678 tf_box\">\n\t\t\t    \t        <div class=\"tb-column-inner tf_box tf_w\">\n\t\t    <!-- module video -->\n<div  class=\"module module-video tb_7o6v78 video-top  \" data-lazy=\"1\" data-url=\"https:\/\/www.youtube.com\/watch?v=anyL8LGxyNI\">\n    \t\t\t\t<div class=\"video-wrap-outer\">\n\t\t\t<div class=\"video-wrap tf_rel tf_overflow\">\n\t\t\t\t\t\t\t<\/div>\n\t\t\t<!-- \/video-wrap -->\n\t\t<\/div>\n\t\t<!-- \/video-wrap-outer -->\n\t\t\t\t\t<div class=\"video-content\">\n\t\t\t\t\t\t\t\t\t<h3 class=\"video-title\">\n\t\t\t\t\t\t\t\t\t\t\t\t\tHipertensa\u0303o Arterial & Espiritualidade\t\t\t\t\t\t\t\t\t\t\t<\/h3>\n\t\t\t\t\n\t\t\t\t\t\t\t<\/div>\n\t\t\t<!-- \/video-content -->\n\t\t\t<\/div>\n\t        <\/div>\n\t    \t<\/div>\n\t\t    <\/div>\n\t    <!-- \/row_inner -->\n\t<\/div>\n\t<!-- \/module_row -->\n\t\t<!-- module_row -->\n\t<div  data-lazy=\"1\" class=\"module_row themify_builder_row tb_uqn657 tf_clearfix\">\n\t    \t\t<div class=\"row_inner col_align_top tf_box tf_w tf_rel\">\n\t\t\t<div  data-lazy=\"1\" class=\"module_column tb-column col-full first tb_dyu858 tf_box\">\n\t\t\t    \t        <div class=\"tb-column-inner tf_box tf_w\">\n\t\t    <!-- module video -->\n<div  class=\"module module-video tb_qr6t58 video-top  \" data-lazy=\"1\" data-url=\"https:\/\/youtu.be\/kW3KSmb7Bi4\">\n    \t\t\t\t<div class=\"video-wrap-outer\">\n\t\t\t<div class=\"video-wrap tf_rel tf_overflow\">\n\t\t\t\t\t\t\t<\/div>\n\t\t\t<!-- \/video-wrap -->\n\t\t<\/div>\n\t\t<!-- \/video-wrap-outer -->\n\t\t\t\t\t<div class=\"video-content\">\n\t\t\t\t\t\t\t\t\t<h3 class=\"video-title\">\n\t\t\t\t\t\t\t\t\t\t\t\t\tPrinc\u00edpios de Espiritualidade na Medicina Cardiovascular - GEMCA SPC\t\t\t\t\t\t\t\t\t\t\t<\/h3>\n\t\t\t\t\n\t\t\t\t\t\t\t<\/div>\n\t\t\t<!-- \/video-content -->\n\t\t\t<\/div>\n\t        <\/div>\n\t    \t<\/div>\n\t\t    <\/div>\n\t    <!-- \/row_inner -->\n\t<\/div>\n\t<!-- \/module_row -->\n\t<\/div>\n<!--\/themify_builder_content-->","protected":false},"excerpt":{"rendered":"<p>Grupo de Espiritualidade e Medicina Cardiovascular Espiritualidade, Bem Estar Me\u0301dico e Humanizac\u0327a\u0303o, com Mauri\u0301cio Sperandio Insuficie\u0302ncia Cardi\u0301aca. Atualizac\u0327o\u0303es, desafios e papel da espiritualidade do paciente, com Li\u0301d Fatores Psicossociais nas Doenc\u0327as Cardiovasculares, com Ana Cla\u0301udia Merchan Giaxa Medicina Baseada em Valor &#8211; O Futuro dos Cuidados em Sau\u0301de, com Luiz Henrique Furlan Doenc\u0327a coronariana cro\u0302nica: [&hellip;]<\/p>\n","protected":false},"author":11,"featured_media":0,"parent":0,"menu_order":0,"comment_status":"closed","ping_status":"closed","template":"","meta":{"footnotes":""},"class_list":["post-5939","page","type-page","status-publish","hentry","has-post-title","has-post-date","has-post-category","has-post-tag","has-post-comment","has-post-author",""],"yoast_head":"<!-- This site is optimized with the Yoast SEO plugin v27.4 - https:\/\/yoast.com\/product\/yoast-seo-wordpress\/ -->\n<title>SPC - Sociedade Paranaense de Cardiologia<\/title>\n<meta name=\"robots\" content=\"index, follow, max-snippet:-1, max-image-preview:large, max-video-preview:-1\" \/>\n<link rel=\"canonical\" href=\"https:\/\/www.prcardio.org\/profissionais-saude\/espiritualidade-e-med-cardiovascular\/\" \/>\n<meta property=\"og:locale\" content=\"pt_BR\" \/>\n<meta property=\"og:type\" content=\"article\" \/>\n<meta property=\"og:title\" content=\"SPC - Sociedade Paranaense de Cardiologia\" \/>\n<meta property=\"og:description\" content=\"Grupo de Espiritualidade e Medicina Cardiovascular Espiritualidade, Bem Estar Me\u0301dico e Humanizac\u0327a\u0303o, com Mauri\u0301cio Sperandio Insuficie\u0302ncia Cardi\u0301aca. Atualizac\u0327o\u0303es, desafios e papel da espiritualidade do paciente, com Li\u0301d Fatores Psicossociais nas Doenc\u0327as Cardiovasculares, com Ana Cla\u0301udia Merchan Giaxa Medicina Baseada em Valor &#8211; O Futuro dos Cuidados em Sau\u0301de, com Luiz Henrique Furlan Doenc\u0327a coronariana cro\u0302nica: [&hellip;]\" \/>\n<meta property=\"og:url\" content=\"https:\/\/www.prcardio.org\/profissionais-saude\/espiritualidade-e-med-cardiovascular\/\" \/>\n<meta property=\"og:site_name\" content=\"SPC - Sociedade Paranaense de Cardiologia\" \/>\n<meta property=\"article:modified_time\" content=\"2025-12-08T19:13:35+00:00\" \/>\n<meta name=\"twitter:card\" content=\"summary_large_image\" \/>\n<meta name=\"twitter:label1\" content=\"Est. reading time\" \/>\n\t<meta name=\"twitter:data1\" content=\"1 minute\" \/>\n<script type=\"application\/ld+json\" class=\"yoast-schema-graph\">{\"@context\":\"https:\\\/\\\/schema.org\",\"@graph\":[{\"@type\":\"WebPage\",\"@id\":\"https:\\\/\\\/www.prcardio.org\\\/profissionais-saude\\\/espiritualidade-e-med-cardiovascular\\\/\",\"url\":\"https:\\\/\\\/www.prcardio.org\\\/profissionais-saude\\\/espiritualidade-e-med-cardiovascular\\\/\",\"name\":\"SPC - Sociedade Paranaense de Cardiologia\",\"isPartOf\":{\"@id\":\"https:\\\/\\\/www.prcardio.org\\\/profissionais-saude\\\/#website\"},\"datePublished\":\"2024-07-04T12:03:57+00:00\",\"dateModified\":\"2025-12-08T19:13:35+00:00\",\"breadcrumb\":{\"@id\":\"https:\\\/\\\/www.prcardio.org\\\/profissionais-saude\\\/espiritualidade-e-med-cardiovascular\\\/#breadcrumb\"},\"inLanguage\":\"pt-BR\",\"potentialAction\":[{\"@type\":\"ReadAction\",\"target\":[\"https:\\\/\\\/www.prcardio.org\\\/profissionais-saude\\\/espiritualidade-e-med-cardiovascular\\\/\"]}]},{\"@type\":\"BreadcrumbList\",\"@id\":\"https:\\\/\\\/www.prcardio.org\\\/profissionais-saude\\\/espiritualidade-e-med-cardiovascular\\\/#breadcrumb\",\"itemListElement\":[{\"@type\":\"ListItem\",\"position\":1,\"name\":\"In\u00edcio\",\"item\":\"https:\\\/\\\/www.prcardio.org\\\/profissionais-saude\\\/\"},{\"@type\":\"ListItem\",\"position\":2,\"name\":\"Espiritualidade e Med. Cardiovascular\"}]},{\"@type\":\"WebSite\",\"@id\":\"https:\\\/\\\/www.prcardio.org\\\/profissionais-saude\\\/#website\",\"url\":\"https:\\\/\\\/www.prcardio.org\\\/profissionais-saude\\\/\",\"name\":\"SPC - Sociedade Paranaense de Cardiologia\",\"description\":\"\",\"potentialAction\":[{\"@type\":\"SearchAction\",\"target\":{\"@type\":\"EntryPoint\",\"urlTemplate\":\"https:\\\/\\\/www.prcardio.org\\\/profissionais-saude\\\/?s={search_term_string}\"},\"query-input\":{\"@type\":\"PropertyValueSpecification\",\"valueRequired\":true,\"valueName\":\"search_term_string\"}}],\"inLanguage\":\"pt-BR\"}]}<\/script>\n<!-- \/ Yoast SEO plugin. -->","yoast_head_json":{"title":"SPC - Sociedade Paranaense de Cardiologia","robots":{"index":"index","follow":"follow","max-snippet":"max-snippet:-1","max-image-preview":"max-image-preview:large","max-video-preview":"max-video-preview:-1"},"canonical":"https:\/\/www.prcardio.org\/profissionais-saude\/espiritualidade-e-med-cardiovascular\/","og_locale":"pt_BR","og_type":"article","og_title":"SPC - Sociedade Paranaense de Cardiologia","og_description":"Grupo de Espiritualidade e Medicina Cardiovascular Espiritualidade, Bem Estar Me\u0301dico e Humanizac\u0327a\u0303o, com Mauri\u0301cio Sperandio Insuficie\u0302ncia Cardi\u0301aca. Atualizac\u0327o\u0303es, desafios e papel da espiritualidade do paciente, com Li\u0301d Fatores Psicossociais nas Doenc\u0327as Cardiovasculares, com Ana Cla\u0301udia Merchan Giaxa Medicina Baseada em Valor &#8211; O Futuro dos Cuidados em Sau\u0301de, com Luiz Henrique Furlan Doenc\u0327a coronariana cro\u0302nica: [&hellip;]","og_url":"https:\/\/www.prcardio.org\/profissionais-saude\/espiritualidade-e-med-cardiovascular\/","og_site_name":"SPC - Sociedade Paranaense de Cardiologia","article_modified_time":"2025-12-08T19:13:35+00:00","twitter_card":"summary_large_image","twitter_misc":{"Est. reading time":"1 minute"},"schema":{"@context":"https:\/\/schema.org","@graph":[{"@type":"WebPage","@id":"https:\/\/www.prcardio.org\/profissionais-saude\/espiritualidade-e-med-cardiovascular\/","url":"https:\/\/www.prcardio.org\/profissionais-saude\/espiritualidade-e-med-cardiovascular\/","name":"SPC - Sociedade Paranaense de Cardiologia","isPartOf":{"@id":"https:\/\/www.prcardio.org\/profissionais-saude\/#website"},"datePublished":"2024-07-04T12:03:57+00:00","dateModified":"2025-12-08T19:13:35+00:00","breadcrumb":{"@id":"https:\/\/www.prcardio.org\/profissionais-saude\/espiritualidade-e-med-cardiovascular\/#breadcrumb"},"inLanguage":"pt-BR","potentialAction":[{"@type":"ReadAction","target":["https:\/\/www.prcardio.org\/profissionais-saude\/espiritualidade-e-med-cardiovascular\/"]}]},{"@type":"BreadcrumbList","@id":"https:\/\/www.prcardio.org\/profissionais-saude\/espiritualidade-e-med-cardiovascular\/#breadcrumb","itemListElement":[{"@type":"ListItem","position":1,"name":"In\u00edcio","item":"https:\/\/www.prcardio.org\/profissionais-saude\/"},{"@type":"ListItem","position":2,"name":"Espiritualidade e Med. Cardiovascular"}]},{"@type":"WebSite","@id":"https:\/\/www.prcardio.org\/profissionais-saude\/#website","url":"https:\/\/www.prcardio.org\/profissionais-saude\/","name":"SPC - Sociedade Paranaense de Cardiologia","description":"","potentialAction":[{"@type":"SearchAction","target":{"@type":"EntryPoint","urlTemplate":"https:\/\/www.prcardio.org\/profissionais-saude\/?s={search_term_string}"},"query-input":{"@type":"PropertyValueSpecification","valueRequired":true,"valueName":"search_term_string"}}],"inLanguage":"pt-BR"}]}},"builder_content":"<h1>Grupo de Espiritualidade e Medicina Cardiovascular<\/h1>\n<h3> Espiritualidade, Bem Estar Me\u0301dico e Humanizac\u0327a\u0303o, com Mauri\u0301cio Sperandio <\/h3>\n<h3> Insuficie\u0302ncia Cardi\u0301aca. Atualizac\u0327o\u0303es, desafios e papel da espiritualidade do paciente, com Li\u0301d <\/h3>\n<h3> Fatores Psicossociais nas Doenc\u0327as Cardiovasculares, com Ana Cla\u0301udia Merchan Giaxa <\/h3>\n<h3> Medicina Baseada em Valor - O Futuro dos Cuidados em Sau\u0301de, com Luiz Henrique Furlan <\/h3>\n<h3> Doenc\u0327a coronariana cro\u0302nica: atualidades e desdobramentos, com Jose\u0301 Augusto Ribas Fortes <\/h3>\n<h3> Impacto da Espiritualidade no Risco Cardiovascular, com Mauri\u0301cio Sperandio <\/h3>\n<h3> Meditac\u0327a\u0303o e Cardiologia, com Evandro Krugel <\/h3>\n<h3> Perd\u00e3o e Gratid\u00e3o, com J\u00falio Tolentino <\/h3>\n<h3> Espiritualidade e Medicina Cardiovascular | Roberto Esporcatte | 25\/09\/24 <\/h3>\n<h3> Hipertensa\u0303o Arterial & Espiritualidade <\/h3>\n<h3> Princ\u00edpios de Espiritualidade na Medicina Cardiovascular - GEMCA SPC <\/h3>","_links":{"self":[{"href":"https:\/\/www.prcardio.org\/profissionais-saude\/wp-json\/wp\/v2\/pages\/5939","targetHints":{"allow":["GET"]}}],"collection":[{"href":"https:\/\/www.prcardio.org\/profissionais-saude\/wp-json\/wp\/v2\/pages"}],"about":[{"href":"https:\/\/www.prcardio.org\/profissionais-saude\/wp-json\/wp\/v2\/types\/page"}],"author":[{"embeddable":true,"href":"https:\/\/www.prcardio.org\/profissionais-saude\/wp-json\/wp\/v2\/users\/11"}],"replies":[{"embeddable":true,"href":"https:\/\/www.prcardio.org\/profissionais-saude\/wp-json\/wp\/v2\/comments?post=5939"}],"version-history":[{"count":17,"href":"https:\/\/www.prcardio.org\/profissionais-saude\/wp-json\/wp\/v2\/pages\/5939\/revisions"}],"predecessor-version":[{"id":11033,"href":"https:\/\/www.prcardio.org\/profissionais-saude\/wp-json\/wp\/v2\/pages\/5939\/revisions\/11033"}],"wp:attachment":[{"href":"https:\/\/www.prcardio.org\/profissionais-saude\/wp-json\/wp\/v2\/media?parent=5939"}],"curies":[{"name":"wp","href":"https:\/\/api.w.org\/{rel}","templated":true}]}}