{"id":68,"date":"2020-03-24T19:38:25","date_gmt":"2020-03-24T22:38:25","guid":{"rendered":"http:\/\/template1.bs2.com.br\/profissionais-saude\/?page_id=68"},"modified":"2025-09-12T11:03:12","modified_gmt":"2025-09-12T14:03:12","slug":"home","status":"publish","type":"page","link":"https:\/\/www.prcardio.org\/profissionais-saude\/","title":{"rendered":"HOME"},"content":{"rendered":"<!--themify_builder_content-->\n<div id=\"themify_builder_content-68\" data-postid=\"68\" class=\"themify_builder_content themify_builder_content-68 themify_builder tf_clear\">\n    \t<!-- module_row -->\n\t<div  data-css_id=\"9dmt437\" data-lazy=\"1\" class=\"module_row themify_builder_row fullwidth tb_9dmt437 tb_first tf_clearfix\" >\n\t    \t\t<div class=\"row_inner col_align_top gutter-narrow tf_box tf_w tf_rel\"  data-basecol=\"3\" data-col_tablet=\"column-full\" data-col_mobile=\"column-full\">\n\t\t\t<div  data-lazy=\"1\" style=\"width: 23.9333%\" class=\"module_column tb-column col4-1 first tb_854c443 tf_box\">\n\t\t\t    \t        <div class=\"tb-column-inner tf_box tf_w\">\n\t\t    <div  class=\"module tf_clearfix themify_builder_slider_wrap module-slider tb_josv573  slider-overlay  slide-image-fullwidth\" data-lazy=\"1\">\n        <div class=\"themify_builder_slider tf_carousel tf_swiper-container tf_rel tf_overflow\" data-lazy=\"1\"\t\t    data-tbreakpoints=\"1280\"\n\t\t    data-mbreakpoints=\"680\"\n\tdata-visible=\"1\"\n\tdata-tab-visible=\"1\"\n\tdata-mob-visible=\"1\"\n\tdata-scroll=\"1\"\n\t\t    \t\t    \t\t\t    data-auto=\"2000\"\n\t\t\t    data-controller=\"0\"\n\t\t\t    data-pause_hover=\"1\"\n\t\t    \tdata-speed=\"1\"\n\tdata-wrapvar=\"1\"\n\tdata-slider_nav=\"0\"\n\tdata-pager=\"1\"\n\tdata-effect=\"scroll\" \n\tdata-height=\"auto\"\n\tdata-horizontal=\"0\"\n\t\t    data-css_url=\"https:\/\/www.prcardio.org\/profissionais-saude\/wp-content\/themes\/magazine\/themify\/themify-builder\/css\/modules\/sliders\/carousel.css,https:\/\/www.prcardio.org\/profissionais-saude\/wp-content\/themes\/magazine\/themify\/themify-builder\/css\/modules\/sliders\/slider.css\"\n\t>\n\t\t    <div class=\"tf_swiper-wrapper tf_lazy tf_rel tf_w tf_h tf_textc\">\n\t        <!-- module slider image -->\n\n                     <div class=\"tf_swiper-slide\">\n            <div class=\"slide-inner-wrap\">\n                                    <div class=\"tf_rel tf_lazy slide-image\">\n                                                                                                        <a href=\"https:\/\/www.prcardio.org\/profissionais-saude\/fotos-do-51-congresso-paranaense-de-cardiologia\/\" >\n                                <img src=\"data:image\/svg+xml;charset=UTF-8,%3Csvg%20xmlns%3D%27http%3A%2F%2Fwww.w3.org%2F2000%2Fsvg%27%20width%3D%271152%27%20height%3D%27768%27%20fill%3D%27rgba%28255%2C255%2C255%2C.2%29%27%3E%3Crect%20width%3D%27100%25%27%20height%3D%27100%25%27%2F%3E%3C%2Fsvg%3E\" decoding=\"async\" loading=\"lazy\" data-lazy=\"1\" class=\"tf_svg_lazy\" data-tf-src=\"http:\/\/www.prcardio.org\/profissionais-saude\/wp-content\/uploads\/sites\/2\/2025\/08\/2025-08-01-10.41.23-FDS-4219.jpg\" width=\"400\" height=\"400\" alt=\"Fotos do 51\u00b0 Congresso Paranaense de Cardiologia\"><noscript><img loading=\"lazy\" decoding=\"async\" data-tf-not-load src=\"http:\/\/www.prcardio.org\/profissionais-saude\/wp-content\/uploads\/sites\/2\/2025\/08\/2025-08-01-10.41.23-FDS-4219.jpg\" width=\"400\" height=\"400\" alt=\"Fotos do 51\u00b0 Congresso Paranaense de Cardiologia\"><\/noscript>                            <\/a>\n                                            <\/div><!-- \/slide-image -->\n                \n                                    <div class=\"slide-content tb_text_wrap\">\n\n                                                                                <h3 class=\"slide-title\">\n                                                                    <a href=\"https:\/\/www.prcardio.org\/profissionais-saude\/fotos-do-51-congresso-paranaense-de-cardiologia\/\">Fotos do 51\u00b0 Congresso Paranaense de Cardiologia<\/a>\n                                                            <\/h3>\n                        \n                                            <\/div><!-- \/slide-content -->\n                            <\/div>\n        <\/div>\n                     <div class=\"tf_swiper-slide\">\n            <div class=\"slide-inner-wrap\">\n                                    <div class=\"tf_rel tf_lazy slide-image\">\n                                                                                                        <a href=\"https:\/\/www.prcardio.org\/profissionais-saude\/fotos-do-simposio-de-doenca-arterial-coronaria-30-11-2024\/\" >\n                                <img src=\"data:image\/svg+xml;charset=UTF-8,%3Csvg%20xmlns%3D%27http%3A%2F%2Fwww.w3.org%2F2000%2Fsvg%27%20width%3D%271600%27%20height%3D%271067%27%20fill%3D%27rgba%28255%2C255%2C255%2C.2%29%27%3E%3Crect%20width%3D%27100%25%27%20height%3D%27100%25%27%2F%3E%3C%2Fsvg%3E\" decoding=\"async\" loading=\"lazy\" data-lazy=\"1\" class=\"tf_svg_lazy\" data-tf-src=\"http:\/\/www.prcardio.org\/profissionais-saude\/wp-content\/uploads\/sites\/2\/2024\/12\/MG_2908.jpg\" width=\"400\" height=\"400\" alt=\"Fotos do Simp\u00f3sio de Doen\u00e7a Arterial Coron\u00e1ria\"><noscript><img loading=\"lazy\" decoding=\"async\" data-tf-not-load src=\"http:\/\/www.prcardio.org\/profissionais-saude\/wp-content\/uploads\/sites\/2\/2024\/12\/MG_2908.jpg\" width=\"400\" height=\"400\" alt=\"Fotos do Simp\u00f3sio de Doen\u00e7a Arterial Coron\u00e1ria\"><\/noscript>                            <\/a>\n                                            <\/div><!-- \/slide-image -->\n                \n                                    <div class=\"slide-content tb_text_wrap\">\n\n                                                                                <h3 class=\"slide-title\">\n                                                                    <a href=\"https:\/\/www.prcardio.org\/profissionais-saude\/fotos-do-simposio-de-doenca-arterial-coronaria-30-11-2024\/\">Fotos do Simp\u00f3sio de Doen\u00e7a Arterial Coron\u00e1ria<\/a>\n                                                            <\/h3>\n                        \n                                            <\/div><!-- \/slide-content -->\n                            <\/div>\n        <\/div>\n                     <div class=\"tf_swiper-slide\">\n            <div class=\"slide-inner-wrap\">\n                                    <div class=\"tf_rel tf_lazy slide-image\">\n                                                                                                        <a href=\"https:\/\/prcardio.org\/profissionais-saude\/simposio-de-doenca-arterial-coronaria-3\/\" >\n                                <img src=\"data:image\/svg+xml;charset=UTF-8,%3Csvg%20xmlns%3D%27http%3A%2F%2Fwww.w3.org%2F2000%2Fsvg%27%20width%3D%271400%27%20height%3D%27933%27%20fill%3D%27rgba%28255%2C255%2C255%2C.2%29%27%3E%3Crect%20width%3D%27100%25%27%20height%3D%27100%25%27%2F%3E%3C%2Fsvg%3E\" decoding=\"async\" loading=\"lazy\" data-lazy=\"1\" class=\"tf_svg_lazy\" data-tf-src=\"https:\/\/prcardio.org\/profissionais-saude\/wp-content\/uploads\/sites\/2\/2023\/12\/FSO9718.jpg\" width=\"400\" height=\"400\" alt=\"Fotos do Simp\u00f3sio de Doen\u00e7a Arterial Coron\u00e1ria\"><noscript><img loading=\"lazy\" decoding=\"async\" data-tf-not-load src=\"https:\/\/prcardio.org\/profissionais-saude\/wp-content\/uploads\/sites\/2\/2023\/12\/FSO9718.jpg\" width=\"400\" height=\"400\" alt=\"Fotos do Simp\u00f3sio de Doen\u00e7a Arterial Coron\u00e1ria\"><\/noscript>                            <\/a>\n                                            <\/div><!-- \/slide-image -->\n                \n                                    <div class=\"slide-content tb_text_wrap\">\n\n                                                                                <h3 class=\"slide-title\">\n                                                                    <a href=\"https:\/\/prcardio.org\/profissionais-saude\/simposio-de-doenca-arterial-coronaria-3\/\">Fotos do Simp\u00f3sio de Doen\u00e7a Arterial Coron\u00e1ria<\/a>\n                                                            <\/h3>\n                        \n                                            <\/div><!-- \/slide-content -->\n                            <\/div>\n        <\/div>\n                     <div class=\"tf_swiper-slide\">\n            <div class=\"slide-inner-wrap\">\n                                    <div class=\"tf_rel tf_lazy slide-image\">\n                                                                                                        <a href=\"https:\/\/prcardio.org\/profissionais-saude\/jornada-norte-paranaense-de-cardiologia-londrina-pr\/\"  target=\"_blank\" rel=\"noopener\">\n                                <img src=\"data:image\/svg+xml;charset=UTF-8,%3Csvg%20xmlns%3D%27http%3A%2F%2Fwww.w3.org%2F2000%2Fsvg%27%20width%3D%271400%27%20height%3D%27933%27%20fill%3D%27rgba%28255%2C255%2C255%2C.2%29%27%3E%3Crect%20width%3D%27100%25%27%20height%3D%27100%25%27%2F%3E%3C%2Fsvg%3E\" decoding=\"async\" loading=\"lazy\" data-lazy=\"1\" class=\"tf_svg_lazy\" data-tf-src=\"https:\/\/prcardio.org\/profissionais-saude\/wp-content\/uploads\/sites\/2\/2023\/10\/JNPC_Londrina_-90.jpg\" width=\"400\" height=\"400\" alt=\"Jornada Norte Paranaense de Cardiologia\u00a0-\u00a0Londrina\u00a0(PR)\"><noscript><img loading=\"lazy\" decoding=\"async\" data-tf-not-load src=\"https:\/\/prcardio.org\/profissionais-saude\/wp-content\/uploads\/sites\/2\/2023\/10\/JNPC_Londrina_-90.jpg\" width=\"400\" height=\"400\" alt=\"Jornada Norte Paranaense de Cardiologia\u00a0-\u00a0Londrina\u00a0(PR)\"><\/noscript>                            <\/a>\n                                            <\/div><!-- \/slide-image -->\n                \n                                    <div class=\"slide-content tb_text_wrap\">\n\n                                                                                <h3 class=\"slide-title\">\n                                                                    <a href=\"https:\/\/prcardio.org\/profissionais-saude\/jornada-norte-paranaense-de-cardiologia-londrina-pr\/\" target=\"_blank\" rel=\"noopener\">Jornada Norte Paranaense de Cardiologia\u00a0-\u00a0Londrina\u00a0(PR)<\/a>\n                                                            <\/h3>\n                        \n                                            <\/div><!-- \/slide-content -->\n                            <\/div>\n        <\/div>\n                     <div class=\"tf_swiper-slide\">\n            <div class=\"slide-inner-wrap\">\n                                    <div class=\"tf_rel tf_lazy slide-image\">\n                                                                                                        <a href=\"https:\/\/prcardio.org\/profissionais-saude\/fotos-da-vii-jornada-oeste-paranaense-da-spc\/\"  target=\"_blank\" rel=\"noopener\">\n                                <img src=\"data:image\/svg+xml;charset=UTF-8,%3Csvg%20xmlns%3D%27http%3A%2F%2Fwww.w3.org%2F2000%2Fsvg%27%20width%3D%271600%27%20height%3D%271066%27%20fill%3D%27rgba%28255%2C255%2C255%2C.2%29%27%3E%3Crect%20width%3D%27100%25%27%20height%3D%27100%25%27%2F%3E%3C%2Fsvg%3E\" decoding=\"async\" loading=\"lazy\" data-lazy=\"1\" class=\"tf_svg_lazy\" data-tf-src=\"https:\/\/prcardio.org\/profissionais-saude\/wp-content\/uploads\/sites\/2\/2023\/08\/IMG-20230823-WA0021.jpg\" width=\"400\" height=\"400\" alt=\"Fotos da VII Jornada Oeste Paranaense\u00a0da\u00a0SPC\"><noscript><img loading=\"lazy\" decoding=\"async\" data-tf-not-load src=\"https:\/\/prcardio.org\/profissionais-saude\/wp-content\/uploads\/sites\/2\/2023\/08\/IMG-20230823-WA0021.jpg\" width=\"400\" height=\"400\" alt=\"Fotos da VII Jornada Oeste Paranaense\u00a0da\u00a0SPC\"><\/noscript>                            <\/a>\n                                            <\/div><!-- \/slide-image -->\n                \n                                    <div class=\"slide-content tb_text_wrap\">\n\n                                                                                <h3 class=\"slide-title\">\n                                                                    <a href=\"https:\/\/prcardio.org\/profissionais-saude\/fotos-da-vii-jornada-oeste-paranaense-da-spc\/\" target=\"_blank\" rel=\"noopener\">Fotos da VII Jornada Oeste Paranaense\u00a0da\u00a0SPC<\/a>\n                                                            <\/h3>\n                        \n                                            <\/div><!-- \/slide-content -->\n                            <\/div>\n        <\/div>\n    \t\t    <\/div>\n    <\/div>\n<\/div>\n<!-- module widget -->\n<div  class=\"module module-widget tb_xjnj266  \" data-lazy=\"1\">\n\t<h3 class=\"module-title\">ARTIGOS<\/h3><div class=\"widget recent-posts-widget-with-thumbnails\">\n<div id=\"rpwwt-1585182613\" class=\"rpwwt-widget\">\r\n\t<ul>\r\n\t\t<li><a href=\"https:\/\/www.prcardio.org\/profissionais-saude\/sedentarismo-e-o-perigo-oculto-do-coracao-clima-mais-frio-desafia-a-saude\/\"><img loading=\"lazy\" decoding=\"async\" width=\"75\" height=\"75\" src=\"https:\/\/www.prcardio.org\/profissionais-saude\/wp-content\/uploads\/sites\/2\/2026\/04\/exercicios-fisicos-150x150.jpg\" class=\"attachment-75x75 size-75x75 wp-post-image\" alt=\"\" srcset=\"https:\/\/www.prcardio.org\/profissionais-saude\/wp-content\/uploads\/sites\/2\/2026\/04\/exercicios-fisicos-150x150.jpg 150w, https:\/\/www.prcardio.org\/profissionais-saude\/wp-content\/uploads\/sites\/2\/2026\/04\/exercicios-fisicos-1024x683-65x65.jpg 65w\" sizes=\"auto, (max-width: 75px) 100vw, 75px\" \/><span class=\"rpwwt-post-title\">Sedentarismo \u00e9 o perigo oculto do cora\u00e7\u00e3o: clima mais frio desafia a sa\u00fade.<\/span><\/a><\/li>\r\n\t\t<li><a href=\"https:\/\/www.prcardio.org\/profissionais-saude\/evolucao-no-tratamento-da-doenca-coronaria-estavel-mais-fisiologico-menos-invasivo\/\"><span class=\"rpwwt-post-title\">EVOLU\u00c7\u00c3O NO TRATAMENTO DA DOEN\u00c7A CORON\u00c1RIA EST\u00c1VEL &#8211; MAIS FISIOL\u00d3GICO, MENOS INVASIVO<\/span><\/a><\/li>\r\n\t\t<li><a href=\"https:\/\/www.prcardio.org\/profissionais-saude\/dose-de-aspirina-ajustada-ao-peso-para-prevencao-de-eventos-cardiovasculares\/\"><span class=\"rpwwt-post-title\">DOSE DE ASPIRINA AJUSTADA AO PESO PARA PREVEN\u00c7\u00c3O DE EVENTOS CARDIOVASCULARES<\/span><\/a><\/li>\r\n\t\t<li><a href=\"https:\/\/www.prcardio.org\/profissionais-saude\/analise-retrospectiva-de-fatores-de-risco-para-complicacoes-relacionadas-com-ablacao-quimica-na-cardiomiopatia-hipertrofica-obstrutiva\/\"><span class=\"rpwwt-post-title\">An\u00e1lise Retrospectiva de Fatores de Risco para Complica\u00e7\u00f5es Relacionadas com Abla\u00e7\u00e3o Qu\u00edmica na Cardiomiopatia Hipertr\u00f3fica Obstrutiva<\/span><\/a><\/li>\r\n\t\t<li><a href=\"https:\/\/www.prcardio.org\/profissionais-saude\/dessincronia-intra-atrial-a-ressonancia-magnetica-cardiaca-para-quantificacao-da-remodelacao-tecidual-em-pacientes-com-fibrilacao-atrial\/\"><span class=\"rpwwt-post-title\">Dessincronia Intra-atrial \u00e0 Resson\u00e2ncia Magn\u00e9tica Card\u00edaca para Quantifica\u00e7\u00e3o da Remodela\u00e7\u00e3o Tecidual em Pacientes com Fibrila\u00e7\u00e3o Atrial<\/span><\/a><\/li>\r\n\t<\/ul>\r\n<\/div><!-- .rpwwt-widget -->\r\n<\/div><\/div>\n<!-- \/module widget -->\n\t        <\/div>\n\t    \t<\/div>\n\t\t<div  data-lazy=\"1\" style=\"width: 48.9333%\" class=\"module_column tb-column col4-2 middle tb_o3e6262 tf_box\">\n\t\t\t    \t        <div class=\"tb-column-inner tf_box tf_w\">\n\t\t    \t<div  data-lazy=\"1\" class=\"module_subrow themify_builder_sub_row tb_d5do607 tf_w tf_clearfix\">\n\t    \t\t<div class=\"subrow_inner col_align_top tf_box tf_w\">\n\t\t\t<div  data-lazy=\"1\" class=\"sub_column module_column tf_box col-full first tb_7hof608\"> \n\t    \t    \t        <div class=\"tb-column-inner tf_box tf_w\">\n\t\t    <div  class=\"module tf_clearfix themify_builder_slider_wrap module-slider tb_2u8d89  slider-default  slide-image-fullwidth\" data-lazy=\"1\">\n        <div class=\"themify_builder_slider tf_carousel tf_swiper-container tf_rel tf_overflow\" data-lazy=\"1\"\t\t    data-tbreakpoints=\"1280\"\n\t\t    data-mbreakpoints=\"680\"\n\tdata-visible=\"1\"\n\tdata-tab-visible=\"1\"\n\tdata-mob-visible=\"1\"\n\tdata-scroll=\"1\"\n\t\t    \t\t    \t\t\t    data-auto=\"4000\"\n\t\t\t    data-controller=\"0\"\n\t\t\t    data-pause_hover=\"1\"\n\t\t    \tdata-speed=\"1\"\n\tdata-wrapvar=\"1\"\n\tdata-slider_nav=\"0\"\n\tdata-pager=\"1\"\n\tdata-effect=\"scroll\" \n\tdata-height=\"variable\"\n\tdata-horizontal=\"0\"\n\t\t    data-css_url=\"https:\/\/www.prcardio.org\/profissionais-saude\/wp-content\/themes\/magazine\/themify\/themify-builder\/css\/modules\/sliders\/carousel.css,https:\/\/www.prcardio.org\/profissionais-saude\/wp-content\/themes\/magazine\/themify\/themify-builder\/css\/modules\/sliders\/slider.css\"\n\t>\n\t\t    <div class=\"tf_swiper-wrapper tf_lazy tf_rel tf_w tf_h tf_textc\">\n\t        <!-- module slider image -->\n\n                     <div class=\"tf_swiper-slide\">\n            <div class=\"slide-inner-wrap\">\n                                    <div class=\"tf_rel tf_lazy slide-image\">\n                                                                                                        <a href=\"http:\/\/www.prcardio.org\/profissionais-saude\/wp-content\/uploads\/sites\/2\/2025\/09\/pdf24_merged.pdf\"  target=\"_blank\" rel=\"noopener\">\n                                <img src=\"data:image\/svg+xml;charset=UTF-8,%3Csvg%20xmlns%3D%27http%3A%2F%2Fwww.w3.org%2F2000%2Fsvg%27%20width%3D%27940%27%20height%3D%27300%27%20fill%3D%27rgba%28255%2C255%2C255%2C.2%29%27%3E%3Crect%20width%3D%27100%25%27%20height%3D%27100%25%27%2F%3E%3C%2Fsvg%3E\" decoding=\"async\" loading=\"lazy\" data-lazy=\"1\" class=\"tf_svg_lazy\" data-tf-src=\"http:\/\/www.prcardio.org\/profissionais-saude\/wp-content\/uploads\/sites\/2\/2025\/09\/Edital_Eleicoes-2025_SITE.jpg\" width=\"940\" height=\"300\" title=\"Dessincronia Intra-atrial \u00e0 Resson\u00e2ncia Magn\u00e9tica Card\u00edaca para Quantifica\u00e7\u00e3o da Remodela\u00e7\u00e3o Tecidual em Pacientes com Fibrila\u00e7\u00e3o Atrial\" alt=\"Dessincronia Intra-atrial \u00e0 Resson\u00e2ncia Magn\u00e9tica Card\u00edaca para Quantifica\u00e7\u00e3o da Remodela\u00e7\u00e3o Tecidual em Pacientes com Fibrila\u00e7\u00e3o Atrial\"><noscript><img loading=\"lazy\" decoding=\"async\" data-tf-not-load src=\"http:\/\/www.prcardio.org\/profissionais-saude\/wp-content\/uploads\/sites\/2\/2025\/09\/Edital_Eleicoes-2025_SITE.jpg\" width=\"940\" height=\"300\" title=\"Dessincronia Intra-atrial \u00e0 Resson\u00e2ncia Magn\u00e9tica Card\u00edaca para Quantifica\u00e7\u00e3o da Remodela\u00e7\u00e3o Tecidual em Pacientes com Fibrila\u00e7\u00e3o Atrial\" alt=\"Dessincronia Intra-atrial \u00e0 Resson\u00e2ncia Magn\u00e9tica Card\u00edaca para Quantifica\u00e7\u00e3o da Remodela\u00e7\u00e3o Tecidual em Pacientes com Fibrila\u00e7\u00e3o Atrial\"><\/noscript>                            <\/a>\n                                            <\/div><!-- \/slide-image -->\n                \n                            <\/div>\n        <\/div>\n                     <div class=\"tf_swiper-slide\">\n            <div class=\"slide-inner-wrap\">\n                                    <div class=\"tf_rel tf_lazy slide-image\">\n                                                                                                        <a href=\"http:\/\/www.prcardio.org\/profissionais-saude\/wp-content\/uploads\/sites\/2\/2025\/09\/SUPLEMENTO-SPC-2025.x61798.pdf\"  target=\"_blank\" rel=\"noopener\">\n                                <img src=\"data:image\/svg+xml;charset=UTF-8,%3Csvg%20xmlns%3D%27http%3A%2F%2Fwww.w3.org%2F2000%2Fsvg%27%20width%3D%27940%27%20height%3D%27300%27%20fill%3D%27rgba%28255%2C255%2C255%2C.2%29%27%3E%3Crect%20width%3D%27100%25%27%20height%3D%27100%25%27%2F%3E%3C%2Fsvg%3E\" decoding=\"async\" loading=\"lazy\" data-lazy=\"1\" class=\"tf_svg_lazy\" data-tf-src=\"http:\/\/www.prcardio.org\/profissionais-saude\/wp-content\/uploads\/sites\/2\/2025\/09\/Banner_Site_tema_livre_51_Congresso_01.jpg\" width=\"940\" height=\"300\" title=\"Dessincronia Intra-atrial \u00e0 Resson\u00e2ncia Magn\u00e9tica Card\u00edaca para Quantifica\u00e7\u00e3o da Remodela\u00e7\u00e3o Tecidual em Pacientes com Fibrila\u00e7\u00e3o Atrial\" alt=\"Dessincronia Intra-atrial \u00e0 Resson\u00e2ncia Magn\u00e9tica Card\u00edaca para Quantifica\u00e7\u00e3o da Remodela\u00e7\u00e3o Tecidual em Pacientes com Fibrila\u00e7\u00e3o Atrial\"><noscript><img loading=\"lazy\" decoding=\"async\" data-tf-not-load src=\"http:\/\/www.prcardio.org\/profissionais-saude\/wp-content\/uploads\/sites\/2\/2025\/09\/Banner_Site_tema_livre_51_Congresso_01.jpg\" width=\"940\" height=\"300\" title=\"Dessincronia Intra-atrial \u00e0 Resson\u00e2ncia Magn\u00e9tica Card\u00edaca para Quantifica\u00e7\u00e3o da Remodela\u00e7\u00e3o Tecidual em Pacientes com Fibrila\u00e7\u00e3o Atrial\" alt=\"Dessincronia Intra-atrial \u00e0 Resson\u00e2ncia Magn\u00e9tica Card\u00edaca para Quantifica\u00e7\u00e3o da Remodela\u00e7\u00e3o Tecidual em Pacientes com Fibrila\u00e7\u00e3o Atrial\"><\/noscript>                            <\/a>\n                                            <\/div><!-- \/slide-image -->\n                \n                            <\/div>\n        <\/div>\n                     <div class=\"tf_swiper-slide\">\n            <div class=\"slide-inner-wrap\">\n                                    <div class=\"tf_rel tf_lazy slide-image\">\n                                                                                                        <a href=\"https:\/\/prcardio.org\/profissionais-saude\/associe-se\/\"  target=\"_blank\" rel=\"noopener\">\n                                <img src=\"data:image\/svg+xml;charset=UTF-8,%3Csvg%20xmlns%3D%27http%3A%2F%2Fwww.w3.org%2F2000%2Fsvg%27%20width%3D%27940%27%20height%3D%27300%27%20fill%3D%27rgba%28255%2C255%2C255%2C.2%29%27%3E%3Crect%20width%3D%27100%25%27%20height%3D%27100%25%27%2F%3E%3C%2Fsvg%3E\" decoding=\"async\" loading=\"lazy\" data-lazy=\"1\" class=\"tf_svg_lazy\" data-tf-src=\"https:\/\/prcardio.org\/profissionais-saude\/wp-content\/uploads\/sites\/2\/2022\/04\/BANNER-HOME-associese.jpg\" width=\"940\" height=\"300\" title=\"Dessincronia Intra-atrial \u00e0 Resson\u00e2ncia Magn\u00e9tica Card\u00edaca para Quantifica\u00e7\u00e3o da Remodela\u00e7\u00e3o Tecidual em Pacientes com Fibrila\u00e7\u00e3o Atrial\" alt=\"Dessincronia Intra-atrial \u00e0 Resson\u00e2ncia Magn\u00e9tica Card\u00edaca para Quantifica\u00e7\u00e3o da Remodela\u00e7\u00e3o Tecidual em Pacientes com Fibrila\u00e7\u00e3o Atrial\"><noscript><img loading=\"lazy\" decoding=\"async\" data-tf-not-load src=\"https:\/\/prcardio.org\/profissionais-saude\/wp-content\/uploads\/sites\/2\/2022\/04\/BANNER-HOME-associese.jpg\" width=\"940\" height=\"300\" title=\"Dessincronia Intra-atrial \u00e0 Resson\u00e2ncia Magn\u00e9tica Card\u00edaca para Quantifica\u00e7\u00e3o da Remodela\u00e7\u00e3o Tecidual em Pacientes com Fibrila\u00e7\u00e3o Atrial\" alt=\"Dessincronia Intra-atrial \u00e0 Resson\u00e2ncia Magn\u00e9tica Card\u00edaca para Quantifica\u00e7\u00e3o da Remodela\u00e7\u00e3o Tecidual em Pacientes com Fibrila\u00e7\u00e3o Atrial\"><\/noscript>                            <\/a>\n                                            <\/div><!-- \/slide-image -->\n                \n                            <\/div>\n        <\/div>\n                     <div class=\"tf_swiper-slide\">\n            <div class=\"slide-inner-wrap\">\n                                    <div class=\"tf_rel tf_lazy slide-image\">\n                                                                                                        <a href=\"https:\/\/congresso2021.prcardio.org\/\"  target=\"_blank\" rel=\"noopener\">\n                                <img src=\"data:image\/svg+xml;charset=UTF-8,%3Csvg%20xmlns%3D%27http%3A%2F%2Fwww.w3.org%2F2000%2Fsvg%27%20width%3D%27940%27%20height%3D%27300%27%20fill%3D%27rgba%28255%2C255%2C255%2C.2%29%27%3E%3Crect%20width%3D%27100%25%27%20height%3D%27100%25%27%2F%3E%3C%2Fsvg%3E\" decoding=\"async\" loading=\"lazy\" data-lazy=\"1\" class=\"tf_svg_lazy\" data-tf-src=\"https:\/\/prcardio.org\/profissionais-saude\/wp-content\/uploads\/sites\/2\/2022\/03\/banner_acompanhe.jpg\" width=\"940\" height=\"300\" title=\"Dessincronia Intra-atrial \u00e0 Resson\u00e2ncia Magn\u00e9tica Card\u00edaca para Quantifica\u00e7\u00e3o da Remodela\u00e7\u00e3o Tecidual em Pacientes com Fibrila\u00e7\u00e3o Atrial\" alt=\"Dessincronia Intra-atrial \u00e0 Resson\u00e2ncia Magn\u00e9tica Card\u00edaca para Quantifica\u00e7\u00e3o da Remodela\u00e7\u00e3o Tecidual em Pacientes com Fibrila\u00e7\u00e3o Atrial\"><noscript><img loading=\"lazy\" decoding=\"async\" data-tf-not-load src=\"https:\/\/prcardio.org\/profissionais-saude\/wp-content\/uploads\/sites\/2\/2022\/03\/banner_acompanhe.jpg\" width=\"940\" height=\"300\" title=\"Dessincronia Intra-atrial \u00e0 Resson\u00e2ncia Magn\u00e9tica Card\u00edaca para Quantifica\u00e7\u00e3o da Remodela\u00e7\u00e3o Tecidual em Pacientes com Fibrila\u00e7\u00e3o Atrial\" alt=\"Dessincronia Intra-atrial \u00e0 Resson\u00e2ncia Magn\u00e9tica Card\u00edaca para Quantifica\u00e7\u00e3o da Remodela\u00e7\u00e3o Tecidual em Pacientes com Fibrila\u00e7\u00e3o Atrial\"><\/noscript>                            <\/a>\n                                            <\/div><!-- \/slide-image -->\n                \n                            <\/div>\n        <\/div>\n    \t\t    <\/div>\n    <\/div>\n<\/div>\n\t        <\/div>\n\t    \t<\/div>\n\t\t    <\/div>\n\t<\/div><!-- \/themify_builder_sub_row -->\n\t<!-- module image -->\n<div  class=\"module module-image tb_5fai183   image-card-layout tf_mw\" data-lazy=\"1\">\n        <div class=\"image-wrap tf_rel tf_mw\">\n\t\t    <a href=\"https:\/\/docs.google.com\/presentation\/d\/1ljn7j-Q0l_rJWdquR88oJR3Z-ff0GlBA\/present?usp=sharing\"\n\t        rel=\"noopener\" target=\"_blank\"\t       >\n\t\t   \t\t<img loading=\"lazy\" decoding=\"async\" src=\"http:\/\/www.prcardio.org\/profissionais-saude\/wp-content\/uploads\/sites\/2\/2025\/03\/CARD-Jornada-Norte-Noroeste-de-Cardiologia-Na-Era-da-Inteligencia-Artificial.png\" width=\"960\" height=\"540\" title=\"Dessincronia Intra-atrial \u00e0 Resson\u00e2ncia Magn\u00e9tica Card\u00edaca para Quantifica\u00e7\u00e3o da Remodela\u00e7\u00e3o Tecidual em Pacientes com Fibrila\u00e7\u00e3o Atrial\" alt=\"Dessincronia Intra-atrial \u00e0 Resson\u00e2ncia Magn\u00e9tica Card\u00edaca para Quantifica\u00e7\u00e3o da Remodela\u00e7\u00e3o Tecidual em Pacientes com Fibrila\u00e7\u00e3o Atrial\">\t    <\/a>\n\t\n\t\t<\/div>\n\t<!-- \/image-wrap -->\n    \n    \t<\/div>\n<!-- \/module image --><!-- module video -->\n<div  class=\"module module-video tb_ybeu881 video-top  \" data-lazy=\"1\" data-url=\"https:\/\/youtu.be\/Z5Bpc5lOvT0\">\n    \t\t<h3 class=\"module-title\">Homenagem SPC<\/h3>\t\t<div class=\"video-wrap-outer\">\n\t\t\t<div class=\"video-wrap tf_rel tf_overflow\">\n\t\t\t\t\t\t\t<\/div>\n\t\t\t<!-- \/video-wrap -->\n\t\t<\/div>\n\t\t<!-- \/video-wrap-outer -->\n\t\t\t<\/div>\n<!-- module divider -->\n<div  class=\"module tf_mw module-divider tb_3bxr197 dotted   \" style=\"border-width: 1px;border-color: #000000;\" data-lazy=\"1\">\n    <\/div>\n<!-- \/module divider -->\n<!-- module image -->\n<div  class=\"module module-image tb_kuka19   image-center tf_mw\" data-lazy=\"1\">\n        <div class=\"image-wrap tf_rel tf_mw\">\n\t\t    \t\n\t\t<\/div>\n\t<!-- \/image-wrap -->\n    \n    \t<\/div>\n<!-- \/module image -->\t        <\/div>\n\t    \t<\/div>\n\t\t<div  data-lazy=\"1\" class=\"module_column tb-column col4-1 last tb_cho0264 tf_box\">\n\t\t\t    \t        <div class=\"tb-column-inner tf_box tf_w\">\n\t\t    <!-- module widget -->\n<div  class=\"module module-widget tb_tbcf947   wow\" data-tf-animation=\"fadeIn\" data-lazy=\"1\">\n\t<h3 class=\"module-title\">NOT\u00cdCIAS<\/h3><div class=\"widget recent-posts-widget-with-thumbnails\">\n<div id=\"rpwwt-1589418704\" class=\"rpwwt-widget\">\r\n\t<ul>\r\n\t\t<li><a href=\"https:\/\/www.prcardio.org\/profissionais-saude\/webinar-discute-desafios-da-disseccao-coronariana-em-mulheres-na-pratica-clinica\/\"><img loading=\"lazy\" decoding=\"async\" width=\"75\" height=\"75\" src=\"https:\/\/www.prcardio.org\/profissionais-saude\/wp-content\/uploads\/sites\/2\/2026\/02\/dissecc\u0327a\u0303o-coronariana-150x150.jpeg\" class=\"attachment-75x75 size-75x75 wp-post-image\" alt=\"\" srcset=\"https:\/\/www.prcardio.org\/profissionais-saude\/wp-content\/uploads\/sites\/2\/2026\/02\/dissecc\u0327a\u0303o-coronariana-150x150.jpeg 150w, https:\/\/www.prcardio.org\/profissionais-saude\/wp-content\/uploads\/sites\/2\/2026\/02\/dissecc\u0327a\u0303o-coronariana-1024x683-65x65.jpeg 65w\" sizes=\"auto, (max-width: 75px) 100vw, 75px\" \/><span class=\"rpwwt-post-title\">Webinar discute desafios da dissec\u00e7\u00e3o coronariana em mulheres na pr\u00e1tica cl\u00ednica<\/span><\/a><\/li>\r\n\t\t<li class=\"rpwwt-sticky\"><a href=\"https:\/\/www.prcardio.org\/profissionais-saude\/curitiba-sedia-51o-congresso-paranaense-de-cardiologia-com-foco-no-futuro-da-especialidade\/\"><img loading=\"lazy\" decoding=\"async\" width=\"75\" height=\"75\" src=\"https:\/\/www.prcardio.org\/profissionais-saude\/wp-content\/uploads\/sites\/2\/2025\/08\/FDS_4203-150x150.jpg\" class=\"attachment-75x75 size-75x75 wp-post-image\" alt=\"\" srcset=\"https:\/\/www.prcardio.org\/profissionais-saude\/wp-content\/uploads\/sites\/2\/2025\/08\/FDS_4203-150x150.jpg 150w, https:\/\/www.prcardio.org\/profissionais-saude\/wp-content\/uploads\/sites\/2\/2025\/08\/FDS_4203-1024x683-65x65.jpg 65w\" sizes=\"auto, (max-width: 75px) 100vw, 75px\" \/><span class=\"rpwwt-post-title\">Curitiba sedia 51\u00ba Congresso Paranaense de Cardiologia com foco no futuro da especialidade<\/span><\/a><\/li>\r\n\t\t<li class=\"rpwwt-sticky\"><a href=\"https:\/\/www.prcardio.org\/profissionais-saude\/estudo-mostra-que-brasileiros-nao-conseguem-controlar-diabetes-e-hipertensao-mesmo-quando-tratados\/\"><img loading=\"lazy\" decoding=\"async\" width=\"75\" height=\"75\" src=\"https:\/\/www.prcardio.org\/profissionais-saude\/wp-content\/uploads\/sites\/2\/2025\/07\/CARD_Entrevistas_Dr._Emilton-Estadao-150x150.png\" class=\"attachment-75x75 size-75x75 wp-post-image\" alt=\"\" srcset=\"https:\/\/www.prcardio.org\/profissionais-saude\/wp-content\/uploads\/sites\/2\/2025\/07\/CARD_Entrevistas_Dr._Emilton-Estadao-150x150.png 150w, https:\/\/www.prcardio.org\/profissionais-saude\/wp-content\/uploads\/sites\/2\/2025\/07\/CARD_Entrevistas_Dr._Emilton-Estadao-819x1024-65x65.png 65w\" sizes=\"auto, (max-width: 75px) 100vw, 75px\" \/><span class=\"rpwwt-post-title\">Estudo mostra que brasileiros n\u00e3o conseguem controlar diabetes e hipertens\u00e3o, mesmo quando tratados<\/span><\/a><\/li>\r\n\t\t<li class=\"rpwwt-sticky\"><a href=\"https:\/\/www.prcardio.org\/profissionais-saude\/curitiba-se-prepara-para-receber-o-51o-congresso-paranaense-de-cardiologia\/\"><img loading=\"lazy\" decoding=\"async\" width=\"75\" height=\"75\" src=\"https:\/\/www.prcardio.org\/profissionais-saude\/wp-content\/uploads\/sites\/2\/2025\/07\/Card-Congresso-150x150.jpg\" class=\"attachment-75x75 size-75x75 wp-post-image\" alt=\"\" srcset=\"https:\/\/www.prcardio.org\/profissionais-saude\/wp-content\/uploads\/sites\/2\/2025\/07\/Card-Congresso-150x150.jpg 150w, https:\/\/www.prcardio.org\/profissionais-saude\/wp-content\/uploads\/sites\/2\/2025\/07\/Card-Congresso-300x300.jpg 300w, https:\/\/www.prcardio.org\/profissionais-saude\/wp-content\/uploads\/sites\/2\/2025\/07\/Card-Congresso-65x65.jpg 65w, https:\/\/www.prcardio.org\/profissionais-saude\/wp-content\/uploads\/sites\/2\/2025\/07\/Card-Congresso.jpg 590w\" sizes=\"auto, (max-width: 75px) 100vw, 75px\" \/><span class=\"rpwwt-post-title\">Curitiba se prepara para receber o 51\u00ba Congresso Paranaense de Cardiologia<\/span><\/a><\/li>\r\n\t\t<li class=\"rpwwt-sticky\"><a href=\"https:\/\/www.prcardio.org\/profissionais-saude\/dr-costantino-costantini-recebe-medalha-herois-de-curar\/\"><img loading=\"lazy\" decoding=\"async\" width=\"75\" height=\"75\" src=\"https:\/\/www.prcardio.org\/profissionais-saude\/wp-content\/uploads\/sites\/2\/2025\/06\/WhatsApp-Image-2025-06-03-at-10.50.03-150x150.jpeg\" class=\"attachment-75x75 size-75x75 wp-post-image\" alt=\"\" srcset=\"https:\/\/www.prcardio.org\/profissionais-saude\/wp-content\/uploads\/sites\/2\/2025\/06\/WhatsApp-Image-2025-06-03-at-10.50.03-150x150.jpeg 150w, https:\/\/www.prcardio.org\/profissionais-saude\/wp-content\/uploads\/sites\/2\/2025\/06\/WhatsApp-Image-2025-06-03-at-10.50.03-1024x682-65x65.jpeg 65w\" sizes=\"auto, (max-width: 75px) 100vw, 75px\" \/><span class=\"rpwwt-post-title\">Dr. Costantino Costantini recebe Medalha Her\u00f3is de Curar<\/span><\/a><\/li>\r\n\t<\/ul>\r\n<\/div><!-- .rpwwt-widget -->\r\n<\/div><\/div>\n<!-- \/module widget -->\n<div  class=\"module tf_clearfix themify_builder_slider_wrap module-slider tb_1nfv402  slider-default  \" data-lazy=\"1\">\n        <div class=\"themify_builder_slider tf_carousel tf_swiper-container tf_rel tf_overflow\" data-lazy=\"1\"\t\t    data-tbreakpoints=\"1280\"\n\t\t    data-mbreakpoints=\"680\"\n\tdata-visible=\"1\"\n\tdata-tab-visible=\"0\"\n\tdata-mob-visible=\"1\"\n\tdata-scroll=\"1\"\n\t\t    \t\t    \t\t\t    data-auto=\"2000\"\n\t\t\t    data-controller=\"0\"\n\t\t\t    data-pause_hover=\"1\"\n\t\t    \tdata-speed=\"1\"\n\tdata-wrapvar=\"1\"\n\tdata-slider_nav=\"0\"\n\tdata-pager=\"1\"\n\tdata-effect=\"fade\" \n\tdata-height=\"variable\"\n\tdata-horizontal=\"0\"\n\t\t    data-css_url=\"https:\/\/www.prcardio.org\/profissionais-saude\/wp-content\/themes\/magazine\/themify\/themify-builder\/css\/modules\/sliders\/carousel.css,https:\/\/www.prcardio.org\/profissionais-saude\/wp-content\/themes\/magazine\/themify\/themify-builder\/css\/modules\/sliders\/slider.css\"\n\t>\n\t\t    <div class=\"tf_swiper-wrapper tf_lazy tf_rel tf_w tf_h tf_textc\">\n\t    \t\t    <\/div>\n    <\/div>\n<\/div>\n\t        <\/div>\n\t    \t<\/div>\n\t\t    <\/div>\n\t    <!-- \/row_inner -->\n\t<\/div>\n\t<!-- \/module_row -->\n\t<\/div>\n<!--\/themify_builder_content-->","protected":false},"excerpt":{"rendered":"<p>Fotos do 51\u00b0 Congresso Paranaense de Cardiologia Fotos do Simp\u00f3sio de Doen\u00e7a Arterial Coron\u00e1ria Fotos do Simp\u00f3sio de Doen\u00e7a Arterial Coron\u00e1ria Jornada Norte Paranaense de Cardiologia\u00a0&#8211;\u00a0Londrina\u00a0(PR) Fotos da VII Jornada Oeste Paranaense\u00a0da\u00a0SPC ARTIGOS EVOLU\u00c7\u00c3O NO TRATAMENTO DA DOEN\u00c7A CORON\u00c1RIA EST\u00c1VEL &#8211; MAIS FISIOL\u00d3GICO, MENOS INVASIVO DOSE DE ASPIRINA AJUSTADA AO PESO PARA PREVEN\u00c7\u00c3O DE EVENTOS [&hellip;]<\/p>\n","protected":false},"author":1,"featured_media":0,"parent":0,"menu_order":0,"comment_status":"closed","ping_status":"closed","template":"","meta":{"footnotes":""},"class_list":["post-68","page","type-page","status-publish","hentry","has-post-title","has-post-date","has-post-category","has-post-tag","has-post-comment","has-post-author",""],"yoast_head":"<!-- This site is optimized with the Yoast SEO plugin v27.4 - https:\/\/yoast.com\/product\/yoast-seo-wordpress\/ -->\n<title>SPC - Sociedade Paranaense de Cardiologia<\/title>\n<meta name=\"robots\" content=\"index, follow, max-snippet:-1, max-image-preview:large, max-video-preview:-1\" \/>\n<link rel=\"canonical\" href=\"https:\/\/www.prcardio.org\/profissionais-saude\/\" \/>\n<meta property=\"og:locale\" content=\"pt_BR\" \/>\n<meta property=\"og:type\" content=\"article\" \/>\n<meta property=\"og:title\" content=\"SPC - Sociedade Paranaense de Cardiologia\" \/>\n<meta property=\"og:description\" content=\"Fotos do 51\u00b0 Congresso Paranaense de Cardiologia Fotos do Simp\u00f3sio de Doen\u00e7a Arterial Coron\u00e1ria Fotos do Simp\u00f3sio de Doen\u00e7a Arterial Coron\u00e1ria Jornada Norte Paranaense de Cardiologia\u00a0&#8211;\u00a0Londrina\u00a0(PR) Fotos da VII Jornada Oeste Paranaense\u00a0da\u00a0SPC ARTIGOS EVOLU\u00c7\u00c3O NO TRATAMENTO DA DOEN\u00c7A CORON\u00c1RIA EST\u00c1VEL &#8211; MAIS FISIOL\u00d3GICO, MENOS INVASIVO DOSE DE ASPIRINA AJUSTADA AO PESO PARA PREVEN\u00c7\u00c3O DE EVENTOS [&hellip;]\" \/>\n<meta property=\"og:url\" content=\"https:\/\/www.prcardio.org\/profissionais-saude\/\" \/>\n<meta property=\"og:site_name\" content=\"SPC - Sociedade Paranaense de Cardiologia\" \/>\n<meta property=\"article:modified_time\" content=\"2025-09-12T14:03:12+00:00\" \/>\n<meta property=\"og:image\" content=\"https:\/\/prcardio.org\/profissionais-saude\/wp-content\/uploads\/sites\/2\/2023\/12\/FSO9718-1024x682-400x400.jpg\" \/>\n<meta name=\"twitter:card\" content=\"summary_large_image\" \/>\n<meta name=\"twitter:label1\" content=\"Est. reading time\" \/>\n\t<meta name=\"twitter:data1\" content=\"1 minute\" \/>\n<script type=\"application\/ld+json\" class=\"yoast-schema-graph\">{\"@context\":\"https:\\\/\\\/schema.org\",\"@graph\":[{\"@type\":\"WebPage\",\"@id\":\"https:\\\/\\\/www.prcardio.org\\\/profissionais-saude\\\/\",\"url\":\"https:\\\/\\\/www.prcardio.org\\\/profissionais-saude\\\/\",\"name\":\"SPC - Sociedade Paranaense de Cardiologia\",\"isPartOf\":{\"@id\":\"https:\\\/\\\/www.prcardio.org\\\/profissionais-saude\\\/#website\"},\"primaryImageOfPage\":{\"@id\":\"https:\\\/\\\/www.prcardio.org\\\/profissionais-saude\\\/#primaryimage\"},\"image\":{\"@id\":\"https:\\\/\\\/www.prcardio.org\\\/profissionais-saude\\\/#primaryimage\"},\"thumbnailUrl\":\"http:\\\/\\\/www.prcardio.org\\\/profissionais-saude\\\/wp-content\\\/uploads\\\/sites\\\/2\\\/2025\\\/08\\\/2025-08-01-10.41.23-FDS-4219.jpg\",\"datePublished\":\"2020-03-24T22:38:25+00:00\",\"dateModified\":\"2025-09-12T14:03:12+00:00\",\"breadcrumb\":{\"@id\":\"https:\\\/\\\/www.prcardio.org\\\/profissionais-saude\\\/#breadcrumb\"},\"inLanguage\":\"pt-BR\",\"potentialAction\":[{\"@type\":\"ReadAction\",\"target\":[\"https:\\\/\\\/www.prcardio.org\\\/profissionais-saude\\\/\"]}]},{\"@type\":\"ImageObject\",\"inLanguage\":\"pt-BR\",\"@id\":\"https:\\\/\\\/www.prcardio.org\\\/profissionais-saude\\\/#primaryimage\",\"url\":\"https:\\\/\\\/www.prcardio.org\\\/profissionais-saude\\\/wp-content\\\/uploads\\\/sites\\\/2\\\/2025\\\/08\\\/2025-08-01-10.41.23-FDS-4219.jpg\",\"contentUrl\":\"https:\\\/\\\/www.prcardio.org\\\/profissionais-saude\\\/wp-content\\\/uploads\\\/sites\\\/2\\\/2025\\\/08\\\/2025-08-01-10.41.23-FDS-4219.jpg\",\"width\":1152,\"height\":768},{\"@type\":\"BreadcrumbList\",\"@id\":\"https:\\\/\\\/www.prcardio.org\\\/profissionais-saude\\\/#breadcrumb\",\"itemListElement\":[{\"@type\":\"ListItem\",\"position\":1,\"name\":\"In\u00edcio\",\"item\":\"https:\\\/\\\/www.prcardio.org\\\/profissionais-saude\\\/\"},{\"@type\":\"ListItem\",\"position\":2,\"name\":\"HOME\"}]},{\"@type\":\"WebSite\",\"@id\":\"https:\\\/\\\/www.prcardio.org\\\/profissionais-saude\\\/#website\",\"url\":\"https:\\\/\\\/www.prcardio.org\\\/profissionais-saude\\\/\",\"name\":\"SPC - Sociedade Paranaense de Cardiologia\",\"description\":\"\",\"potentialAction\":[{\"@type\":\"SearchAction\",\"target\":{\"@type\":\"EntryPoint\",\"urlTemplate\":\"https:\\\/\\\/www.prcardio.org\\\/profissionais-saude\\\/?s={search_term_string}\"},\"query-input\":{\"@type\":\"PropertyValueSpecification\",\"valueRequired\":true,\"valueName\":\"search_term_string\"}}],\"inLanguage\":\"pt-BR\"}]}<\/script>\n<!-- \/ Yoast SEO plugin. -->","yoast_head_json":{"title":"SPC - Sociedade Paranaense de Cardiologia","robots":{"index":"index","follow":"follow","max-snippet":"max-snippet:-1","max-image-preview":"max-image-preview:large","max-video-preview":"max-video-preview:-1"},"canonical":"https:\/\/www.prcardio.org\/profissionais-saude\/","og_locale":"pt_BR","og_type":"article","og_title":"SPC - Sociedade Paranaense de Cardiologia","og_description":"Fotos do 51\u00b0 Congresso Paranaense de Cardiologia Fotos do Simp\u00f3sio de Doen\u00e7a Arterial Coron\u00e1ria Fotos do Simp\u00f3sio de Doen\u00e7a Arterial Coron\u00e1ria Jornada Norte Paranaense de Cardiologia\u00a0&#8211;\u00a0Londrina\u00a0(PR) Fotos da VII Jornada Oeste Paranaense\u00a0da\u00a0SPC ARTIGOS EVOLU\u00c7\u00c3O NO TRATAMENTO DA DOEN\u00c7A CORON\u00c1RIA EST\u00c1VEL &#8211; MAIS FISIOL\u00d3GICO, MENOS INVASIVO DOSE DE ASPIRINA AJUSTADA AO PESO PARA PREVEN\u00c7\u00c3O DE EVENTOS [&hellip;]","og_url":"https:\/\/www.prcardio.org\/profissionais-saude\/","og_site_name":"SPC - Sociedade Paranaense de Cardiologia","article_modified_time":"2025-09-12T14:03:12+00:00","og_image":[{"url":"https:\/\/prcardio.org\/profissionais-saude\/wp-content\/uploads\/sites\/2\/2023\/12\/FSO9718-1024x682-400x400.jpg","type":"","width":"","height":""}],"twitter_card":"summary_large_image","twitter_misc":{"Est. reading time":"1 minute"},"schema":{"@context":"https:\/\/schema.org","@graph":[{"@type":"WebPage","@id":"https:\/\/www.prcardio.org\/profissionais-saude\/","url":"https:\/\/www.prcardio.org\/profissionais-saude\/","name":"SPC - Sociedade Paranaense de Cardiologia","isPartOf":{"@id":"https:\/\/www.prcardio.org\/profissionais-saude\/#website"},"primaryImageOfPage":{"@id":"https:\/\/www.prcardio.org\/profissionais-saude\/#primaryimage"},"image":{"@id":"https:\/\/www.prcardio.org\/profissionais-saude\/#primaryimage"},"thumbnailUrl":"http:\/\/www.prcardio.org\/profissionais-saude\/wp-content\/uploads\/sites\/2\/2025\/08\/2025-08-01-10.41.23-FDS-4219.jpg","datePublished":"2020-03-24T22:38:25+00:00","dateModified":"2025-09-12T14:03:12+00:00","breadcrumb":{"@id":"https:\/\/www.prcardio.org\/profissionais-saude\/#breadcrumb"},"inLanguage":"pt-BR","potentialAction":[{"@type":"ReadAction","target":["https:\/\/www.prcardio.org\/profissionais-saude\/"]}]},{"@type":"ImageObject","inLanguage":"pt-BR","@id":"https:\/\/www.prcardio.org\/profissionais-saude\/#primaryimage","url":"https:\/\/www.prcardio.org\/profissionais-saude\/wp-content\/uploads\/sites\/2\/2025\/08\/2025-08-01-10.41.23-FDS-4219.jpg","contentUrl":"https:\/\/www.prcardio.org\/profissionais-saude\/wp-content\/uploads\/sites\/2\/2025\/08\/2025-08-01-10.41.23-FDS-4219.jpg","width":1152,"height":768},{"@type":"BreadcrumbList","@id":"https:\/\/www.prcardio.org\/profissionais-saude\/#breadcrumb","itemListElement":[{"@type":"ListItem","position":1,"name":"In\u00edcio","item":"https:\/\/www.prcardio.org\/profissionais-saude\/"},{"@type":"ListItem","position":2,"name":"HOME"}]},{"@type":"WebSite","@id":"https:\/\/www.prcardio.org\/profissionais-saude\/#website","url":"https:\/\/www.prcardio.org\/profissionais-saude\/","name":"SPC - Sociedade Paranaense de Cardiologia","description":"","potentialAction":[{"@type":"SearchAction","target":{"@type":"EntryPoint","urlTemplate":"https:\/\/www.prcardio.org\/profissionais-saude\/?s={search_term_string}"},"query-input":{"@type":"PropertyValueSpecification","valueRequired":true,"valueName":"search_term_string"}}],"inLanguage":"pt-BR"}]}},"builder_content":"<a href=\"https:\/\/www.prcardio.org\/profissionais-saude\/fotos-do-51-congresso-paranaense-de-cardiologia\/\" > <img src=\"data:image\/svg+xml;charset=UTF-8,%3Csvg%20xmlns%3D%27http%3A%2F%2Fwww.w3.org%2F2000%2Fsvg%27%20width%3D%271152%27%20height%3D%27768%27%20fill%3D%27rgba%28255%2C255%2C255%2C.2%29%27%3E%3Crect%20width%3D%27100%25%27%20height%3D%27100%25%27%2F%3E%3C%2Fsvg%3E\" decoding=\"async\" loading=\"lazy\" data-lazy=\"1\" data-tf-src=\"http:\/\/www.prcardio.org\/profissionais-saude\/wp-content\/uploads\/sites\/2\/2025\/08\/2025-08-01-10.41.23-FDS-4219.jpg\" width=\"400\" height=\"400\" alt=\"Fotos do 51\u00b0 Congresso Paranaense de Cardiologia\"><noscript><img data-tf-not-load src=\"http:\/\/www.prcardio.org\/profissionais-saude\/wp-content\/uploads\/sites\/2\/2025\/08\/2025-08-01-10.41.23-FDS-4219.jpg\" width=\"400\" height=\"400\" alt=\"Fotos do 51\u00b0 Congresso Paranaense de Cardiologia\"><\/noscript> <\/a> \n <h3> <a href=\"https:\/\/www.prcardio.org\/profissionais-saude\/fotos-do-51-congresso-paranaense-de-cardiologia\/\">Fotos do 51\u00b0 Congresso Paranaense de Cardiologia<\/a> <\/h3> <a href=\"https:\/\/www.prcardio.org\/profissionais-saude\/fotos-do-simposio-de-doenca-arterial-coronaria-30-11-2024\/\" > <img src=\"data:image\/svg+xml;charset=UTF-8,%3Csvg%20xmlns%3D%27http%3A%2F%2Fwww.w3.org%2F2000%2Fsvg%27%20width%3D%271600%27%20height%3D%271067%27%20fill%3D%27rgba%28255%2C255%2C255%2C.2%29%27%3E%3Crect%20width%3D%27100%25%27%20height%3D%27100%25%27%2F%3E%3C%2Fsvg%3E\" decoding=\"async\" loading=\"lazy\" data-lazy=\"1\" data-tf-src=\"http:\/\/www.prcardio.org\/profissionais-saude\/wp-content\/uploads\/sites\/2\/2024\/12\/MG_2908.jpg\" width=\"400\" height=\"400\" alt=\"Fotos do Simp\u00f3sio de Doen\u00e7a Arterial Coron\u00e1ria\"><noscript><img data-tf-not-load src=\"http:\/\/www.prcardio.org\/profissionais-saude\/wp-content\/uploads\/sites\/2\/2024\/12\/MG_2908.jpg\" width=\"400\" height=\"400\" alt=\"Fotos do Simp\u00f3sio de Doen\u00e7a Arterial Coron\u00e1ria\"><\/noscript> <\/a> \n <h3> <a href=\"https:\/\/www.prcardio.org\/profissionais-saude\/fotos-do-simposio-de-doenca-arterial-coronaria-30-11-2024\/\">Fotos do Simp\u00f3sio de Doen\u00e7a Arterial Coron\u00e1ria<\/a> <\/h3> <a href=\"https:\/\/prcardio.org\/profissionais-saude\/simposio-de-doenca-arterial-coronaria-3\/\" > <img src=\"data:image\/svg+xml;charset=UTF-8,%3Csvg%20xmlns%3D%27http%3A%2F%2Fwww.w3.org%2F2000%2Fsvg%27%20width%3D%271400%27%20height%3D%27933%27%20fill%3D%27rgba%28255%2C255%2C255%2C.2%29%27%3E%3Crect%20width%3D%27100%25%27%20height%3D%27100%25%27%2F%3E%3C%2Fsvg%3E\" decoding=\"async\" loading=\"lazy\" data-lazy=\"1\" data-tf-src=\"https:\/\/prcardio.org\/profissionais-saude\/wp-content\/uploads\/sites\/2\/2023\/12\/FSO9718.jpg\" width=\"400\" height=\"400\" alt=\"Fotos do Simp\u00f3sio de Doen\u00e7a Arterial Coron\u00e1ria\"><noscript><img data-tf-not-load src=\"https:\/\/prcardio.org\/profissionais-saude\/wp-content\/uploads\/sites\/2\/2023\/12\/FSO9718.jpg\" width=\"400\" height=\"400\" alt=\"Fotos do Simp\u00f3sio de Doen\u00e7a Arterial Coron\u00e1ria\"><\/noscript> <\/a> \n <h3> <a href=\"https:\/\/prcardio.org\/profissionais-saude\/simposio-de-doenca-arterial-coronaria-3\/\">Fotos do Simp\u00f3sio de Doen\u00e7a Arterial Coron\u00e1ria<\/a> <\/h3> <a href=\"https:\/\/prcardio.org\/profissionais-saude\/jornada-norte-paranaense-de-cardiologia-londrina-pr\/\" target=\"_blank\" rel=\"noopener\"> <img src=\"data:image\/svg+xml;charset=UTF-8,%3Csvg%20xmlns%3D%27http%3A%2F%2Fwww.w3.org%2F2000%2Fsvg%27%20width%3D%271400%27%20height%3D%27933%27%20fill%3D%27rgba%28255%2C255%2C255%2C.2%29%27%3E%3Crect%20width%3D%27100%25%27%20height%3D%27100%25%27%2F%3E%3C%2Fsvg%3E\" decoding=\"async\" loading=\"lazy\" data-lazy=\"1\" data-tf-src=\"https:\/\/prcardio.org\/profissionais-saude\/wp-content\/uploads\/sites\/2\/2023\/10\/JNPC_Londrina_-90.jpg\" width=\"400\" height=\"400\" alt=\"Jornada Norte Paranaense de Cardiologia\u00a0-\u00a0Londrina\u00a0(PR)\"><noscript><img data-tf-not-load src=\"https:\/\/prcardio.org\/profissionais-saude\/wp-content\/uploads\/sites\/2\/2023\/10\/JNPC_Londrina_-90.jpg\" width=\"400\" height=\"400\" alt=\"Jornada Norte Paranaense de Cardiologia\u00a0-\u00a0Londrina\u00a0(PR)\"><\/noscript> <\/a> \n <h3> <a href=\"https:\/\/prcardio.org\/profissionais-saude\/jornada-norte-paranaense-de-cardiologia-londrina-pr\/\" target=\"_blank\" rel=\"noopener\">Jornada Norte Paranaense de Cardiologia\u00a0-\u00a0Londrina\u00a0(PR)<\/a> <\/h3> <a href=\"https:\/\/prcardio.org\/profissionais-saude\/fotos-da-vii-jornada-oeste-paranaense-da-spc\/\" target=\"_blank\" rel=\"noopener\"> <img src=\"data:image\/svg+xml;charset=UTF-8,%3Csvg%20xmlns%3D%27http%3A%2F%2Fwww.w3.org%2F2000%2Fsvg%27%20width%3D%271600%27%20height%3D%271066%27%20fill%3D%27rgba%28255%2C255%2C255%2C.2%29%27%3E%3Crect%20width%3D%27100%25%27%20height%3D%27100%25%27%2F%3E%3C%2Fsvg%3E\" decoding=\"async\" loading=\"lazy\" data-lazy=\"1\" data-tf-src=\"https:\/\/prcardio.org\/profissionais-saude\/wp-content\/uploads\/sites\/2\/2023\/08\/IMG-20230823-WA0021.jpg\" width=\"400\" height=\"400\" alt=\"Fotos da VII Jornada Oeste Paranaense\u00a0da\u00a0SPC\"><noscript><img data-tf-not-load src=\"https:\/\/prcardio.org\/profissionais-saude\/wp-content\/uploads\/sites\/2\/2023\/08\/IMG-20230823-WA0021.jpg\" width=\"400\" height=\"400\" alt=\"Fotos da VII Jornada Oeste Paranaense\u00a0da\u00a0SPC\"><\/noscript> <\/a> \n <h3> <a href=\"https:\/\/prcardio.org\/profissionais-saude\/fotos-da-vii-jornada-oeste-paranaense-da-spc\/\" target=\"_blank\" rel=\"noopener\">Fotos da VII Jornada Oeste Paranaense\u00a0da\u00a0SPC<\/a> <\/h3>\n<h3>ARTIGOS<\/h3>\n <ul>\n <li><a href=\"https:\/\/www.prcardio.org\/profissionais-saude\/sedentarismo-e-o-perigo-oculto-do-coracao-clima-mais-frio-desafia-a-saude\/\"><img width=\"75\" height=\"75\" src=\"https:\/\/www.prcardio.org\/profissionais-saude\/wp-content\/uploads\/sites\/2\/2026\/04\/exercicios-fisicos-150x150.jpg\" alt=\"\" decoding=\"async\" loading=\"lazy\" srcset=\"https:\/\/www.prcardio.org\/profissionais-saude\/wp-content\/uploads\/sites\/2\/2026\/04\/exercicios-fisicos-150x150.jpg 150w, https:\/\/www.prcardio.org\/profissionais-saude\/wp-content\/uploads\/sites\/2\/2026\/04\/exercicios-fisicos-1024x683-65x65.jpg 65w\" sizes=\"auto, (max-width: 75px) 100vw, 75px\" \/>Sedentarismo \u00e9 o perigo oculto do cora\u00e7\u00e3o: clima mais frio desafia a sa\u00fade.<\/a><\/li>\n <li><a href=\"https:\/\/www.prcardio.org\/profissionais-saude\/evolucao-no-tratamento-da-doenca-coronaria-estavel-mais-fisiologico-menos-invasivo\/\">EVOLU\u00c7\u00c3O NO TRATAMENTO DA DOEN\u00c7A CORON\u00c1RIA EST\u00c1VEL &#8211; MAIS FISIOL\u00d3GICO, MENOS INVASIVO<\/a><\/li>\n <li><a href=\"https:\/\/www.prcardio.org\/profissionais-saude\/dose-de-aspirina-ajustada-ao-peso-para-prevencao-de-eventos-cardiovasculares\/\">DOSE DE ASPIRINA AJUSTADA AO PESO PARA PREVEN\u00c7\u00c3O DE EVENTOS CARDIOVASCULARES<\/a><\/li>\n <li><a href=\"https:\/\/www.prcardio.org\/profissionais-saude\/analise-retrospectiva-de-fatores-de-risco-para-complicacoes-relacionadas-com-ablacao-quimica-na-cardiomiopatia-hipertrofica-obstrutiva\/\">An\u00e1lise Retrospectiva de Fatores de Risco para Complica\u00e7\u00f5es Relacionadas com Abla\u00e7\u00e3o Qu\u00edmica na Cardiomiopatia Hipertr\u00f3fica Obstrutiva<\/a><\/li>\n <li><a href=\"https:\/\/www.prcardio.org\/profissionais-saude\/dessincronia-intra-atrial-a-ressonancia-magnetica-cardiaca-para-quantificacao-da-remodelacao-tecidual-em-pacientes-com-fibrilacao-atrial\/\">Dessincronia Intra-atrial \u00e0 Resson\u00e2ncia Magn\u00e9tica Card\u00edaca para Quantifica\u00e7\u00e3o da Remodela\u00e7\u00e3o Tecidual em Pacientes com Fibrila\u00e7\u00e3o Atrial<\/a><\/li>\n <\/ul>\n<a href=\"http:\/\/www.prcardio.org\/profissionais-saude\/wp-content\/uploads\/sites\/2\/2025\/09\/pdf24_merged.pdf\" target=\"_blank\" rel=\"noopener\"> <img src=\"data:image\/svg+xml;charset=UTF-8,%3Csvg%20xmlns%3D%27http%3A%2F%2Fwww.w3.org%2F2000%2Fsvg%27%20width%3D%27940%27%20height%3D%27300%27%20fill%3D%27rgba%28255%2C255%2C255%2C.2%29%27%3E%3Crect%20width%3D%27100%25%27%20height%3D%27100%25%27%2F%3E%3C%2Fsvg%3E\" decoding=\"async\" loading=\"lazy\" data-lazy=\"1\" data-tf-src=\"http:\/\/www.prcardio.org\/profissionais-saude\/wp-content\/uploads\/sites\/2\/2025\/09\/Edital_Eleicoes-2025_SITE.jpg\" width=\"940\" height=\"300\" title=\"Dessincronia Intra-atrial \u00e0 Resson\u00e2ncia Magn\u00e9tica Card\u00edaca para Quantifica\u00e7\u00e3o da Remodela\u00e7\u00e3o Tecidual em Pacientes com Fibrila\u00e7\u00e3o Atrial\" alt=\"Dessincronia Intra-atrial \u00e0 Resson\u00e2ncia Magn\u00e9tica Card\u00edaca para Quantifica\u00e7\u00e3o da Remodela\u00e7\u00e3o Tecidual em Pacientes com Fibrila\u00e7\u00e3o Atrial\"><noscript><img data-tf-not-load src=\"http:\/\/www.prcardio.org\/profissionais-saude\/wp-content\/uploads\/sites\/2\/2025\/09\/Edital_Eleicoes-2025_SITE.jpg\" width=\"940\" height=\"300\" title=\"Dessincronia Intra-atrial \u00e0 Resson\u00e2ncia Magn\u00e9tica Card\u00edaca para Quantifica\u00e7\u00e3o da Remodela\u00e7\u00e3o Tecidual em Pacientes com Fibrila\u00e7\u00e3o Atrial\" alt=\"Dessincronia Intra-atrial \u00e0 Resson\u00e2ncia Magn\u00e9tica Card\u00edaca para Quantifica\u00e7\u00e3o da Remodela\u00e7\u00e3o Tecidual em Pacientes com Fibrila\u00e7\u00e3o Atrial\"><\/noscript> <\/a> <a href=\"http:\/\/www.prcardio.org\/profissionais-saude\/wp-content\/uploads\/sites\/2\/2025\/09\/SUPLEMENTO-SPC-2025.x61798.pdf\" target=\"_blank\" rel=\"noopener\"> <img src=\"data:image\/svg+xml;charset=UTF-8,%3Csvg%20xmlns%3D%27http%3A%2F%2Fwww.w3.org%2F2000%2Fsvg%27%20width%3D%27940%27%20height%3D%27300%27%20fill%3D%27rgba%28255%2C255%2C255%2C.2%29%27%3E%3Crect%20width%3D%27100%25%27%20height%3D%27100%25%27%2F%3E%3C%2Fsvg%3E\" decoding=\"async\" loading=\"lazy\" data-lazy=\"1\" data-tf-src=\"http:\/\/www.prcardio.org\/profissionais-saude\/wp-content\/uploads\/sites\/2\/2025\/09\/Banner_Site_tema_livre_51_Congresso_01.jpg\" width=\"940\" height=\"300\" title=\"Dessincronia Intra-atrial \u00e0 Resson\u00e2ncia Magn\u00e9tica Card\u00edaca para Quantifica\u00e7\u00e3o da Remodela\u00e7\u00e3o Tecidual em Pacientes com Fibrila\u00e7\u00e3o Atrial\" alt=\"Dessincronia Intra-atrial \u00e0 Resson\u00e2ncia Magn\u00e9tica Card\u00edaca para Quantifica\u00e7\u00e3o da Remodela\u00e7\u00e3o Tecidual em Pacientes com Fibrila\u00e7\u00e3o Atrial\"><noscript><img data-tf-not-load src=\"http:\/\/www.prcardio.org\/profissionais-saude\/wp-content\/uploads\/sites\/2\/2025\/09\/Banner_Site_tema_livre_51_Congresso_01.jpg\" width=\"940\" height=\"300\" title=\"Dessincronia Intra-atrial \u00e0 Resson\u00e2ncia Magn\u00e9tica Card\u00edaca para Quantifica\u00e7\u00e3o da Remodela\u00e7\u00e3o Tecidual em Pacientes com Fibrila\u00e7\u00e3o Atrial\" alt=\"Dessincronia Intra-atrial \u00e0 Resson\u00e2ncia Magn\u00e9tica Card\u00edaca para Quantifica\u00e7\u00e3o da Remodela\u00e7\u00e3o Tecidual em Pacientes com Fibrila\u00e7\u00e3o Atrial\"><\/noscript> <\/a> <a href=\"https:\/\/prcardio.org\/profissionais-saude\/associe-se\/\" target=\"_blank\" rel=\"noopener\"> <img src=\"data:image\/svg+xml;charset=UTF-8,%3Csvg%20xmlns%3D%27http%3A%2F%2Fwww.w3.org%2F2000%2Fsvg%27%20width%3D%27940%27%20height%3D%27300%27%20fill%3D%27rgba%28255%2C255%2C255%2C.2%29%27%3E%3Crect%20width%3D%27100%25%27%20height%3D%27100%25%27%2F%3E%3C%2Fsvg%3E\" decoding=\"async\" loading=\"lazy\" data-lazy=\"1\" data-tf-src=\"https:\/\/prcardio.org\/profissionais-saude\/wp-content\/uploads\/sites\/2\/2022\/04\/BANNER-HOME-associese.jpg\" width=\"940\" height=\"300\" title=\"Dessincronia Intra-atrial \u00e0 Resson\u00e2ncia Magn\u00e9tica Card\u00edaca para Quantifica\u00e7\u00e3o da Remodela\u00e7\u00e3o Tecidual em Pacientes com Fibrila\u00e7\u00e3o Atrial\" alt=\"Dessincronia Intra-atrial \u00e0 Resson\u00e2ncia Magn\u00e9tica Card\u00edaca para Quantifica\u00e7\u00e3o da Remodela\u00e7\u00e3o Tecidual em Pacientes com Fibrila\u00e7\u00e3o Atrial\"><noscript><img data-tf-not-load src=\"https:\/\/prcardio.org\/profissionais-saude\/wp-content\/uploads\/sites\/2\/2022\/04\/BANNER-HOME-associese.jpg\" width=\"940\" height=\"300\" title=\"Dessincronia Intra-atrial \u00e0 Resson\u00e2ncia Magn\u00e9tica Card\u00edaca para Quantifica\u00e7\u00e3o da Remodela\u00e7\u00e3o Tecidual em Pacientes com Fibrila\u00e7\u00e3o Atrial\" alt=\"Dessincronia Intra-atrial \u00e0 Resson\u00e2ncia Magn\u00e9tica Card\u00edaca para Quantifica\u00e7\u00e3o da Remodela\u00e7\u00e3o Tecidual em Pacientes com Fibrila\u00e7\u00e3o Atrial\"><\/noscript> <\/a> <a href=\"https:\/\/congresso2021.prcardio.org\/\" target=\"_blank\" rel=\"noopener\"> <img src=\"data:image\/svg+xml;charset=UTF-8,%3Csvg%20xmlns%3D%27http%3A%2F%2Fwww.w3.org%2F2000%2Fsvg%27%20width%3D%27940%27%20height%3D%27300%27%20fill%3D%27rgba%28255%2C255%2C255%2C.2%29%27%3E%3Crect%20width%3D%27100%25%27%20height%3D%27100%25%27%2F%3E%3C%2Fsvg%3E\" decoding=\"async\" loading=\"lazy\" data-lazy=\"1\" data-tf-src=\"https:\/\/prcardio.org\/profissionais-saude\/wp-content\/uploads\/sites\/2\/2022\/03\/banner_acompanhe.jpg\" width=\"940\" height=\"300\" title=\"Dessincronia Intra-atrial \u00e0 Resson\u00e2ncia Magn\u00e9tica Card\u00edaca para Quantifica\u00e7\u00e3o da Remodela\u00e7\u00e3o Tecidual em Pacientes com Fibrila\u00e7\u00e3o Atrial\" alt=\"Dessincronia Intra-atrial \u00e0 Resson\u00e2ncia Magn\u00e9tica Card\u00edaca para Quantifica\u00e7\u00e3o da Remodela\u00e7\u00e3o Tecidual em Pacientes com Fibrila\u00e7\u00e3o Atrial\"><noscript><img data-tf-not-load src=\"https:\/\/prcardio.org\/profissionais-saude\/wp-content\/uploads\/sites\/2\/2022\/03\/banner_acompanhe.jpg\" width=\"940\" height=\"300\" title=\"Dessincronia Intra-atrial \u00e0 Resson\u00e2ncia Magn\u00e9tica Card\u00edaca para Quantifica\u00e7\u00e3o da Remodela\u00e7\u00e3o Tecidual em Pacientes com Fibrila\u00e7\u00e3o Atrial\" alt=\"Dessincronia Intra-atrial \u00e0 Resson\u00e2ncia Magn\u00e9tica Card\u00edaca para Quantifica\u00e7\u00e3o da Remodela\u00e7\u00e3o Tecidual em Pacientes com Fibrila\u00e7\u00e3o Atrial\"><\/noscript> <\/a>\n<a href=\"https:\/\/docs.google.com\/presentation\/d\/1ljn7j-Q0l_rJWdquR88oJR3Z-ff0GlBA\/present?usp=sharing\" rel=\"noopener\" target=\"_blank\" > <img src=\"http:\/\/www.prcardio.org\/profissionais-saude\/wp-content\/uploads\/sites\/2\/2025\/03\/CARD-Jornada-Norte-Noroeste-de-Cardiologia-Na-Era-da-Inteligencia-Artificial.png\" width=\"960\" height=\"540\" title=\"Dessincronia Intra-atrial \u00e0 Resson\u00e2ncia Magn\u00e9tica Card\u00edaca para Quantifica\u00e7\u00e3o da Remodela\u00e7\u00e3o Tecidual em Pacientes com Fibrila\u00e7\u00e3o Atrial\" alt=\"Dessincronia Intra-atrial \u00e0 Resson\u00e2ncia Magn\u00e9tica Card\u00edaca para Quantifica\u00e7\u00e3o da Remodela\u00e7\u00e3o Tecidual em Pacientes com Fibrila\u00e7\u00e3o Atrial\"> <\/a>\n<h3>Homenagem SPC<\/h3>\n\n\n<h3>NOT\u00cdCIAS<\/h3>\n <ul>\n <li><a href=\"https:\/\/www.prcardio.org\/profissionais-saude\/webinar-discute-desafios-da-disseccao-coronariana-em-mulheres-na-pratica-clinica\/\"><img width=\"75\" height=\"75\" src=\"https:\/\/www.prcardio.org\/profissionais-saude\/wp-content\/uploads\/sites\/2\/2026\/02\/dissecc\u0327a\u0303o-coronariana-150x150.jpeg\" alt=\"\" decoding=\"async\" loading=\"lazy\" srcset=\"https:\/\/www.prcardio.org\/profissionais-saude\/wp-content\/uploads\/sites\/2\/2026\/02\/dissecc\u0327a\u0303o-coronariana-150x150.jpeg 150w, https:\/\/www.prcardio.org\/profissionais-saude\/wp-content\/uploads\/sites\/2\/2026\/02\/dissecc\u0327a\u0303o-coronariana-1024x683-65x65.jpeg 65w\" sizes=\"auto, (max-width: 75px) 100vw, 75px\" \/>Webinar discute desafios da dissec\u00e7\u00e3o coronariana em mulheres na pr\u00e1tica cl\u00ednica<\/a><\/li>\n <li><a href=\"https:\/\/www.prcardio.org\/profissionais-saude\/curitiba-sedia-51o-congresso-paranaense-de-cardiologia-com-foco-no-futuro-da-especialidade\/\"><img width=\"75\" height=\"75\" src=\"https:\/\/www.prcardio.org\/profissionais-saude\/wp-content\/uploads\/sites\/2\/2025\/08\/FDS_4203-150x150.jpg\" alt=\"\" decoding=\"async\" loading=\"lazy\" srcset=\"https:\/\/www.prcardio.org\/profissionais-saude\/wp-content\/uploads\/sites\/2\/2025\/08\/FDS_4203-150x150.jpg 150w, https:\/\/www.prcardio.org\/profissionais-saude\/wp-content\/uploads\/sites\/2\/2025\/08\/FDS_4203-1024x683-65x65.jpg 65w\" sizes=\"auto, (max-width: 75px) 100vw, 75px\" \/>Curitiba sedia 51\u00ba Congresso Paranaense de Cardiologia com foco no futuro da especialidade<\/a><\/li>\n <li><a href=\"https:\/\/www.prcardio.org\/profissionais-saude\/estudo-mostra-que-brasileiros-nao-conseguem-controlar-diabetes-e-hipertensao-mesmo-quando-tratados\/\"><img width=\"75\" height=\"75\" src=\"https:\/\/www.prcardio.org\/profissionais-saude\/wp-content\/uploads\/sites\/2\/2025\/07\/CARD_Entrevistas_Dr._Emilton-Estadao-150x150.png\" alt=\"\" decoding=\"async\" loading=\"lazy\" srcset=\"https:\/\/www.prcardio.org\/profissionais-saude\/wp-content\/uploads\/sites\/2\/2025\/07\/CARD_Entrevistas_Dr._Emilton-Estadao-150x150.png 150w, https:\/\/www.prcardio.org\/profissionais-saude\/wp-content\/uploads\/sites\/2\/2025\/07\/CARD_Entrevistas_Dr._Emilton-Estadao-819x1024-65x65.png 65w\" sizes=\"auto, (max-width: 75px) 100vw, 75px\" \/>Estudo mostra que brasileiros n\u00e3o conseguem controlar diabetes e hipertens\u00e3o, mesmo quando tratados<\/a><\/li>\n <li><a href=\"https:\/\/www.prcardio.org\/profissionais-saude\/curitiba-se-prepara-para-receber-o-51o-congresso-paranaense-de-cardiologia\/\"><img width=\"75\" height=\"75\" src=\"https:\/\/www.prcardio.org\/profissionais-saude\/wp-content\/uploads\/sites\/2\/2025\/07\/Card-Congresso-150x150.jpg\" alt=\"\" decoding=\"async\" loading=\"lazy\" srcset=\"https:\/\/www.prcardio.org\/profissionais-saude\/wp-content\/uploads\/sites\/2\/2025\/07\/Card-Congresso-150x150.jpg 150w, https:\/\/www.prcardio.org\/profissionais-saude\/wp-content\/uploads\/sites\/2\/2025\/07\/Card-Congresso-300x300.jpg 300w, https:\/\/www.prcardio.org\/profissionais-saude\/wp-content\/uploads\/sites\/2\/2025\/07\/Card-Congresso-65x65.jpg 65w, https:\/\/www.prcardio.org\/profissionais-saude\/wp-content\/uploads\/sites\/2\/2025\/07\/Card-Congresso.jpg 590w\" sizes=\"auto, (max-width: 75px) 100vw, 75px\" \/>Curitiba se prepara para receber o 51\u00ba Congresso Paranaense de Cardiologia<\/a><\/li>\n <li><a href=\"https:\/\/www.prcardio.org\/profissionais-saude\/dr-costantino-costantini-recebe-medalha-herois-de-curar\/\"><img width=\"75\" height=\"75\" src=\"https:\/\/www.prcardio.org\/profissionais-saude\/wp-content\/uploads\/sites\/2\/2025\/06\/WhatsApp-Image-2025-06-03-at-10.50.03-150x150.jpeg\" alt=\"\" decoding=\"async\" loading=\"lazy\" srcset=\"https:\/\/www.prcardio.org\/profissionais-saude\/wp-content\/uploads\/sites\/2\/2025\/06\/WhatsApp-Image-2025-06-03-at-10.50.03-150x150.jpeg 150w, https:\/\/www.prcardio.org\/profissionais-saude\/wp-content\/uploads\/sites\/2\/2025\/06\/WhatsApp-Image-2025-06-03-at-10.50.03-1024x682-65x65.jpeg 65w\" sizes=\"auto, (max-width: 75px) 100vw, 75px\" \/>Dr. Costantino Costantini recebe Medalha Her\u00f3is de Curar<\/a><\/li>\n <\/ul>\n","_links":{"self":[{"href":"https:\/\/www.prcardio.org\/profissionais-saude\/wp-json\/wp\/v2\/pages\/68","targetHints":{"allow":["GET"]}}],"collection":[{"href":"https:\/\/www.prcardio.org\/profissionais-saude\/wp-json\/wp\/v2\/pages"}],"about":[{"href":"https:\/\/www.prcardio.org\/profissionais-saude\/wp-json\/wp\/v2\/types\/page"}],"author":[{"embeddable":true,"href":"https:\/\/www.prcardio.org\/profissionais-saude\/wp-json\/wp\/v2\/users\/1"}],"replies":[{"embeddable":true,"href":"https:\/\/www.prcardio.org\/profissionais-saude\/wp-json\/wp\/v2\/comments?post=68"}],"version-history":[{"count":185,"href":"https:\/\/www.prcardio.org\/profissionais-saude\/wp-json\/wp\/v2\/pages\/68\/revisions"}],"predecessor-version":[{"id":11029,"href":"https:\/\/www.prcardio.org\/profissionais-saude\/wp-json\/wp\/v2\/pages\/68\/revisions\/11029"}],"wp:attachment":[{"href":"https:\/\/www.prcardio.org\/profissionais-saude\/wp-json\/wp\/v2\/media?parent=68"}],"curies":[{"name":"wp","href":"https:\/\/api.w.org\/{rel}","templated":true}]}}