{"id":492,"date":"2020-03-18T21:29:04","date_gmt":"2020-03-19T00:29:04","guid":{"rendered":"http:\/\/template1.bs2.com.br\/publico-geral\/?page_id=492"},"modified":"2022-03-09T16:42:25","modified_gmt":"2022-03-09T19:42:25","slug":"diretoria-conselho-editorial","status":"publish","type":"page","link":"https:\/\/www.prcardio.org\/publico-geral\/diretoria-conselho-editorial\/","title":{"rendered":"DIRETORIA E CONSELHO EDITORIAL"},"content":{"rendered":"<!--themify_builder_content-->\n<div id=\"themify_builder_content-492\" data-postid=\"492\" class=\"themify_builder_content themify_builder_content-492 themify_builder tf_clear\">\n    \t<!-- module_row -->\n\t<div  data-lazy=\"1\" class=\"module_row themify_builder_row fullcover tb_tpm7697 tb_first tf_clearfix\" >\n\t    <div class=\"tf_abs builder_row_cover\"><\/div>\t\t<div class=\"row_inner col_align_top tf_box tf_w tf_rel\">\n\t\t\t<div  data-lazy=\"1\" class=\"module_column tb-column col3-2 first tb_unio701 tf_box\">\n\t\t\t    \t        <div class=\"tb-column-inner tf_box tf_w\">\n\t\t    <!-- module text -->\n<div  class=\"module module-text tb_ioxd703   \" data-lazy=\"1\">\n        <div  class=\"tb_text_wrap\">\n    <h1>DIRETORIA \/ CONSELHO EDITORIAL<\/h1>    <\/div>\n<\/div>\n<!-- \/module text -->\t        <\/div>\n\t    \t<\/div>\n\t\t<div  data-lazy=\"1\" class=\"module_column tb-column col3-1 last tb_589d704 tf_box\">\n\t\t\t    \t<\/div>\n\t\t    <\/div>\n\t    <!-- \/row_inner -->\n\t<\/div>\n\t<!-- \/module_row -->\n\t\t<!-- module_row -->\n\t<div  data-css_id=\"3qcy554\" data-lazy=\"1\" class=\"module_row themify_builder_row fullwidth_row_container tb_3qcy554 tf_clearfix\" >\n\t    \t\t<div class=\"row_inner col_align_top tf_box tf_w tf_rel\">\n\t\t\t<div  data-lazy=\"1\" class=\"module_column tb-column col4-2 first tb_a6h1561 tf_box\">\n\t\t\t    \t        <div class=\"tb-column-inner tf_box tf_w\">\n\t\t    <!-- module text -->\n<div  class=\"module module-text tb_jrqw422    wow\" data-tf-animation=\"fadeInDown\" data-lazy=\"1\">\n        <div  class=\"tb_text_wrap\">\n    <h2 style=\"text-align: center;\">DIRETORIA<\/h2>    <\/div>\n<\/div>\n<!-- \/module text --><!-- module divider -->\n<div  class=\"module tf_mw module-divider tb_xi4u78 solid  divider-custom divider-center wow\" data-tf-animation=\"fadeIn\" data-tf-animation_delay=\"0.2\" style=\"border-width: 2px;border-color: #8d331d;width: 150px;\" data-lazy=\"1\">\n    <\/div>\n<!-- \/module divider -->\n<!-- module tab -->\n<div  id=\"tb_ejlh565\" class=\"module ui module-tab tb_ejlh565 panel tab-style-default  tb_default_color  wow\" data-tf-animation=\"fadeIn\" data-tf-animation_delay=\"0.2\" data-lazy=\"1\">\n        <div class=\"builder-tabs-wrap tf_rel\">\n\t\t<div class=\"tab-nav-current-active tf_hide\">\n\t\t\t<span class=\"tab_burger_icon tf_hide tf_rel\"><\/span>\n\t\t\t<span class=\"tb_tab_title\">Bi\u00eanio 2022\/2023<\/span>\n\t\t<\/div>\n\t\t<ul class=\"tab-nav tf_clearfix\">\n\t\t\t\t\t\t<li class=\"current\" aria-expanded=\"true\">\n\t\t\t\t<a href=\"#tab-tb_ejlh565-0\">\n\t\t\t\t\t\t\t\t\t\t<span>Bi\u00eanio 2022\/2023<\/span>\n\t\t\t\t<\/a>\n\t\t\t<\/li>\n\t\t\t\t\t\t<li aria-expanded=\"false\">\n\t\t\t\t<a href=\"#tab-tb_ejlh565-1\">\n\t\t\t\t\t\t\t\t\t\t<span>Bi\u00eanio 2020\/2021<\/span>\n\t\t\t\t<\/a>\n\t\t\t<\/li>\n\t\t\t\t\t\t<li aria-expanded=\"false\">\n\t\t\t\t<a href=\"#tab-tb_ejlh565-2\">\n\t\t\t\t\t\t\t\t\t\t<span>Bi\u00eanio 2018\/2019<\/span>\n\t\t\t\t<\/a>\n\t\t\t<\/li>\n\t\t\t\t\t\t<li aria-expanded=\"false\">\n\t\t\t\t<a href=\"#tab-tb_ejlh565-3\">\n\t\t\t\t\t\t\t\t\t\t<span>Bi\u00eanio 2016\/2017<\/span>\n\t\t\t\t<\/a>\n\t\t\t<\/li>\n\t\t\t\t\t\t<li aria-expanded=\"false\">\n\t\t\t\t<a href=\"#tab-tb_ejlh565-4\">\n\t\t\t\t\t\t\t\t\t\t<span>Bi\u00eanio 2014\/2015<\/span>\n\t\t\t\t<\/a>\n\t\t\t<\/li>\n\t\t\t\t\t\t<li aria-expanded=\"false\">\n\t\t\t\t<a href=\"#tab-tb_ejlh565-5\">\n\t\t\t\t\t\t\t\t\t\t<span>Bi\u00eanio 2012\/2013<\/span>\n\t\t\t\t<\/a>\n\t\t\t<\/li>\n\t\t\t\t\t\t<li aria-expanded=\"false\">\n\t\t\t\t<a href=\"#tab-tb_ejlh565-6\">\n\t\t\t\t\t\t\t\t\t\t<span>Bi\u00eanio 2010\/2011<\/span>\n\t\t\t\t<\/a>\n\t\t\t<\/li>\n\t\t\t\t\t<\/ul>\n\n\t\t\t\t\t<div data-id=\"tab-tb_ejlh565-0\" class=\"tab-content\" aria-hidden=\"false\">\n\t\t\t\t<div class=\"tb_text_wrap\">\n\t\t\t\t\t<p><strong>Presidente:<\/strong> Ol\u00edmpio Ribeiro Fran\u00e7a Neto<br><strong>Vice-Presidente<\/strong>: Andr\u00e9 Ribeiro Langowiski<br><strong>Diretor Administrativo:<\/strong> Jos\u00e9 Knopholz<br><strong>Diretor Financeiro:<\/strong> Dr. Rodrigo Cerci<br><strong>Diretor de Comunica\u00e7\u00e3o:<\/strong> Abr\u00e3o Jos\u00e9 Melhem Junior<br><strong>Diretor de Qualidade Profissional:<\/strong> Emilton Lima Junior<br><strong>Diretor Representante do FUNCOR:<\/strong> Gustavo Lenci Marques<br><strong>Diretor Cient\u00edfico:<\/strong> Willyan Issamu Nazima<br><strong>Diretor de Tecnologia de Informa\u00e7\u00e3o:<\/strong> Miguel Morita Fernandes da Silva<br><strong>Diretor de Rela\u00e7\u00f5es Governamentais:<\/strong> Dr. Alcirley de Almeida Luiz<br><strong>Diretor de Eventos:<\/strong> Pedro Henrique Reis<br><strong>Diretor da Regional Norte:<\/strong> Ot\u00e1vio Mangili<br><strong>Diretor da Regional Oeste:<\/strong> Dra. Ana Paula Susin Os\u00f3rio<\/p>\t\t\t\t<\/div>\n\t\t\t<\/div>\n\t\t\t\t\t<div data-id=\"tab-tb_ejlh565-1\" class=\"tab-content\" aria-hidden=\"true\">\n\t\t\t\t<div class=\"tb_text_wrap\">\n\t\t\t\t\t<p><strong>Presidente:\u00a0<\/strong>Raul D&#8217;Aurea Mora Junior<br><strong>Vice-Presidente:\u00a0<\/strong>Andr\u00e9 Bernardi<br><strong>Diretor Administrativo:\u00a0<\/strong>Abr\u00e3o Jos\u00e9 Melhem<br><strong>Diretor Financeiro:\u00a0<\/strong>Andr\u00e9 Ribeiro Langowiski<br><strong>Diretor Comunica\u00e7\u00e3o:\u00a0<\/strong>Alcirley de Almeida Luiz<br><strong>Diretor de Qualidade Profissional:\u00a0<\/strong>Liliana Elias Pena Pilatti<br><strong>FUNCOR:\u00a0<\/strong>Jos\u00e9 Knopholz<br><strong>Diretor Cient\u00edfico:\u00a0<\/strong>Miguel Morita Fernandes da Silva<br><strong>Diretor de Tecnologia de Informa\u00e7\u00e3o:\u00a0<\/strong>Willyan Issamu Nazima<br><strong>Diretor de Eventos:\u00a0<\/strong>Ol\u00edmpio Ribeiro Fran\u00e7a Neto<br><strong>Diretor de Rela\u00e7\u00f5es Governamentais:\u00a0<\/strong>Emilton Lima Junior<\/p>\t\t\t\t<\/div>\n\t\t\t<\/div>\n\t\t\t\t\t<div data-id=\"tab-tb_ejlh565-2\" class=\"tab-content\" aria-hidden=\"true\">\n\t\t\t\t<div class=\"tb_text_wrap\">\n\t\t\t\t\t<p><strong>Presidente:\u00a0<\/strong>Dr. Jo\u00e3o Vicente V\u00edtola \u2013 Curitiba<br><strong>Vice-Presidente:\u00a0<\/strong>Dr. Jos\u00e9 Rocha Faria Neto \u2013 Curitiba<br><strong>Diretor Administrativo:<\/strong>\u00a0Dr. Pedro Henrique Reis<br><strong>Diretor Financeiro:\u00a0<\/strong>Dra. Celia Regina Winheski \u2013 Campo Largo<br><strong>Diretor Comunica\u00e7\u00e3o:<\/strong>\u00a0Dr. Silvio Henrique Barberato \u2013 Curitiba<br><strong>Diretor de Qualidade Profissional:<\/strong>\u00a0Dr. Walmor Lemke<br><strong>FUNCOR:<\/strong>\u00a0Dr. Ot\u00e1vio Celeste Mangili \u2013 Maring\u00e1<br><strong>Diretor Cient\u00edfico:<\/strong>Dr. Rodrigo Cerci \u2013 Curitiba<br><strong>Diretor de Tecnologia de Informa\u00e7\u00e3o:<\/strong>\u00a0Dr. Willian Nazima \u2013 Londrina<br><strong>Diretor de eventos:\u00a0<\/strong>Dr. Alcirley de Almeida Luiz<br><strong>Diretor de Rela\u00e7\u00f5es Governamentais:<\/strong>\u00a0Dr. Andr\u00e9 Bernardi<\/p>\t\t\t\t<\/div>\n\t\t\t<\/div>\n\t\t\t\t\t<div data-id=\"tab-tb_ejlh565-3\" class=\"tab-content\" aria-hidden=\"true\">\n\t\t\t\t<div class=\"tb_text_wrap\">\n\t\t\t\t\t<p><strong>Presidente:<\/strong>\u00a0Dr. Gerson Luiz Bredt J\u00fanior &#8211; Cascavel<br><strong>Vice \u2013 Presidente:\u00a0<\/strong>Dr. Luiz Antonio Fruet Bettini &#8211; Curitiba<br><strong>Diretor Administrativo:\u00a0<\/strong>Dr. Willian Nazima &#8211; Londrina<br><strong>Diretor Financeiro:\u00a0<\/strong>Dr. Andr\u00e9 Ribeiro Langowski &#8211; Curitiba<br><strong>Diretor de Comunica\u00e7\u00e3o:\u00a0<\/strong>Dr. Jo\u00e3o Vicente V\u00edtola &#8211; Curitiba<br><strong>Diretor de Qualidade Profissional:<\/strong>\u00a0Dr. Raul Daurea Mora &#8211; Maring\u00e1<br><strong>FUNCOR:<\/strong>\u00a0Dr. Miguel Ibrain Abboud Hanna Sobrinho &#8211; Curitiba<br><strong>Diretor Cient\u00edfico:<\/strong>\u00a0Dr. Silvio Henrique Barberato &#8211; Curitiba<br><strong>Diretor de Tecnologia de Informa\u00e7\u00e3o:<\/strong>\u00a0Dr. Andr\u00e9 Bernardi &#8211; Curitiba<br><strong>Diretor de Rela\u00e7\u00f5es Governamentais:\u00a0<\/strong>Dr. Alvaro Cattani \u2013 Pato Branco<br><strong>Diretor de Eventos:<\/strong>\u00a0Dr. Olimpio Ribeiro Fran\u00e7a Neto &#8211; Curitiba<\/p>\t\t\t\t<\/div>\n\t\t\t<\/div>\n\t\t\t\t\t<div data-id=\"tab-tb_ejlh565-4\" class=\"tab-content\" aria-hidden=\"true\">\n\t\t\t\t<div class=\"tb_text_wrap\">\n\t\t\t\t\t<p><strong>Presidente:<\/strong>\u00a0Dr. Osni Moreira Filho \u2013 Curitiba<br><strong>Vice \u2013 Presidente:<\/strong>\u00a0Dr. Olimpio Ribeiro Fran\u00e7a Neto \u2013 Curitiba<br><strong>Diretor Administrativo:<\/strong>\u00a0Dr. Pedro Henrique Reis<br><strong>Diretor Financeiro:<\/strong>\u00a0Dr. Luiz Antonio Fruet Bettini \u2013 Curitiba<br><strong>Diretor Comunica\u00e7\u00e3o<\/strong>: Dr. Willian Nazima \u2013 Londrina<br><strong>Diretor de Qualidade Profissional:<\/strong>\u00a0Dr. Andr\u00e9 Ribeiro Langowski \u2013 Curitiba<br><strong>FUNCOR:\u00a0<\/strong>Dr. Abdol Hakin Assef \u2013 Maring\u00e1<br><strong>Diretor Cient\u00edfico:\u00a0<\/strong>Dr. Gerson Bredt Junior \u2013 Cascavel<br><strong>Diretor de Tecnologia de Informa\u00e7\u00e3o:<\/strong>\u00a0Dr. Tuffi Dippe Junior \u2013 Curitiba<br><strong>Diretor de Rela\u00e7\u00f5es Governamentais:\u00a0<\/strong>Dr. Miguel Ibrain Abboud Hanna Sobrinho \u2013 Curitiba<br><strong>Diretor de Eventos:<\/strong>\u00a0Dr. Jo\u00e3o Vicente V\u00edtola \u2013 Curitiba<\/p>\t\t\t\t<\/div>\n\t\t\t<\/div>\n\t\t\t\t\t<div data-id=\"tab-tb_ejlh565-5\" class=\"tab-content\" aria-hidden=\"true\">\n\t\t\t\t<div class=\"tb_text_wrap\">\n\t\t\t\t\t<p><strong>Presidente:<\/strong>\u00a0Dr. Alvaro Vieira Moura<br><strong>Vice \u2013 Presidente:<\/strong>\u00a0Dr. Jo\u00e3o Vicente Vitola<br><strong>Diretor Cientifico:\u00a0<\/strong>Dr. Olimpio Ribeiro Jos\u00e9 Fran\u00e7a<br><strong>Diretor Administrativo:<\/strong>\u00a0Dr. Gerson Luiz Bredt Junior<br><strong>Diretor Financeiro:<\/strong>\u00a0Dr. Lidia Ana Zytynski Moura<br><strong>Diretor de Comunica\u00e7\u00e3o:<\/strong>\u00a0Dr. Osni Moreira Filho<br><strong>Diretor de Promo\u00e7\u00e3o \u00e0 Sa\u00fade\/FUNCOR:<\/strong>\u00a0Dr. Francisco Maia da Silva<br><strong>Diretor de Eventos:\u00a0<\/strong>Dr<strong>.\u00a0<\/strong>Abdol Hakin Assef (Maring\u00e1)<br><strong>Diretor de Qualidade Assistencial:<\/strong>\u00a0Dr. Otavio Jos\u00e9 Korman<br><strong>Diretor de Tecnologia de Informa\u00e7\u00e3o:<\/strong>\u00a0Dr. Wiliam Nazima (Londrina)<br><strong>Diretor de Rela\u00e7\u00f5es Governamentais:\u00a0<\/strong>Dr. Andre Ribeiro Langowski<\/p>\t\t\t\t<\/div>\n\t\t\t<\/div>\n\t\t\t\t\t<div data-id=\"tab-tb_ejlh565-6\" class=\"tab-content\" aria-hidden=\"true\">\n\t\t\t\t<div class=\"tb_text_wrap\">\n\t\t\t\t\t<p><strong>Presidente:<\/strong>\u00a0Dr. Manoel Fernandes Canesin &#8211; Londrina<br><strong>Vice &#8211; Presidente:\u00a0<\/strong>Dr. Osni Moreira Filho<br><strong>Diretor Administrativo:<\/strong>\u00a0Dr. Silvio Henrique Barberato<strong><br>Diretor Cient\u00edfico:<\/strong>\u00a0Dr. Jos\u00e9 Rocha Faria Neto<br><strong>Diretor Financeiro:<\/strong>\u00a0Dr. Arnaldo L. Stier J\u00fanior<br><strong>Diretor de Publica\u00e7\u00e3o:<\/strong>\u00a0Dra. Divina Seila De O Marques -Londrina<br><strong>Diretor Represente FUNCOR:<\/strong>\u00a0Dr. Abdol Hakim Assef &#8211; Maring\u00e1<br><strong>Diretor de Qualidade Profissional:<\/strong>\u00a0Dr. Tufi Dippe J\u00fanior<\/p>\t\t\t\t<\/div>\n\t\t\t<\/div>\n\t\t    <\/div>\n<\/div>\n<!-- \/module tab -->\n\t        <\/div>\n\t    \t<\/div>\n\t\t<div  data-lazy=\"1\" class=\"module_column tb-column col4-2 last tb_j4dj241 tf_box\">\n\t\t\t    \t        <div class=\"tb-column-inner tf_box tf_w\">\n\t\t    <!-- module text -->\n<div  class=\"module module-text tb_9ken278    wow\" data-tf-animation=\"fadeInDown\" data-lazy=\"1\">\n        <div  class=\"tb_text_wrap\">\n    <h2 style=\"text-align: center;\">CONSELHO EDITORIAL<\/h2>    <\/div>\n<\/div>\n<!-- \/module text --><!-- module divider -->\n<div  class=\"module tf_mw module-divider tb_t7wt823 solid  divider-custom divider-center wow\" data-tf-animation=\"fadeIn\" data-tf-animation_delay=\"0.2\" style=\"border-width: 2px;border-color: #8d331d;width: 150px;\" data-lazy=\"1\">\n    <\/div>\n<!-- \/module divider -->\n<!-- module text -->\n<div  class=\"module module-text tb_yrho595  repeat  wow\" data-tf-animation=\"fadeIn\" data-tf-animation_delay=\"0.2\" data-lazy=\"1\">\n        <div  class=\"tb_text_wrap\">\n    <p><strong>Presidente:<\/strong> Ol\u00edmpio Ribeiro Fran\u00e7a Neto<br><strong>Vice-Presidente:<\/strong> Andr\u00e9 Ribeiro Langowiski<br><strong>Diretor Administrativo:<\/strong> Jos\u00e9 Knopholz<br><strong>Diretor Financeiro:<\/strong> Dr. Rodrigo Cerci<br><strong>Diretor de Comunica\u00e7\u00e3o:<\/strong> Abr\u00e3o Jos\u00e9 Melhem Junior<br><strong>Diretor de Qualidade Profissional:<\/strong> Emilton Lima Junior<br><strong>Diretor Representante do FUNCOR:<\/strong> Gustavo Lenci Marques<br><strong>Diretor Cient\u00edfico:<\/strong> Willyan Issamu Nazima<br><strong>Diretor de Tecnologia de Informa\u00e7\u00e3o:<\/strong> Miguel Morita Fernandes da Silva<br><strong>Diretor de Rela\u00e7\u00f5es Governamentais:<\/strong> Dr. Alcirley de Almeida Luiz<br><strong>Diretor de Eventos:<\/strong> Pedro Henrique Reis<br><strong>Diretor da Regional Norte:<\/strong> Ot\u00e1vio Mangili<br><strong>Diretor da Regional Oeste:<\/strong> Dra. Ana Paula Susin Os\u00f3rio<\/p>    <\/div>\n<\/div>\n<!-- \/module text -->\t        <\/div>\n\t    \t<\/div>\n\t\t    <\/div>\n\t    <!-- \/row_inner -->\n\t<\/div>\n\t<!-- \/module_row -->\n\t<\/div>\n<!--\/themify_builder_content-->","protected":false},"excerpt":{"rendered":"<p>DIRETORIA \/ CONSELHO EDITORIAL DIRETORIA Bi\u00eanio 2022\/2023 Presidente: Ol\u00edmpio Ribeiro Fran\u00e7a NetoVice-Presidente: Andr\u00e9 Ribeiro LangowiskiDiretor Administrativo: Jos\u00e9 KnopholzDiretor Financeiro: Dr. Rodrigo CerciDiretor de Comunica\u00e7\u00e3o: Abr\u00e3o Jos\u00e9 Melhem JuniorDiretor de Qualidade Profissional: Emilton Lima JuniorDiretor Representante do FUNCOR: Gustavo Lenci MarquesDiretor Cient\u00edfico: Willyan Issamu NazimaDiretor de Tecnologia de Informa\u00e7\u00e3o: Miguel Morita Fernandes da SilvaDiretor de Rela\u00e7\u00f5es [&hellip;]<\/p>\n","protected":false},"author":1,"featured_media":0,"parent":0,"menu_order":0,"comment_status":"closed","ping_status":"closed","template":"","meta":{"footnotes":""},"class_list":["post-492","page","type-page","status-publish","hentry","has-post-title","has-post-date","has-post-category","has-post-tag","has-post-comment","has-post-author",""],"yoast_head":"<!-- This site is optimized with the Yoast SEO plugin v27.4 - https:\/\/yoast.com\/product\/yoast-seo-wordpress\/ -->\n<title>SPC - Sociedade Paranaense de Cardiologia<\/title>\n<meta name=\"robots\" content=\"index, follow, max-snippet:-1, max-image-preview:large, max-video-preview:-1\" \/>\n<link rel=\"canonical\" href=\"https:\/\/www.prcardio.org\/publico-geral\/diretoria-conselho-editorial\/\" \/>\n<meta property=\"og:locale\" content=\"pt_BR\" \/>\n<meta property=\"og:type\" content=\"article\" \/>\n<meta property=\"og:title\" content=\"SPC - Sociedade Paranaense de Cardiologia\" \/>\n<meta property=\"og:description\" content=\"DIRETORIA \/ CONSELHO EDITORIAL DIRETORIA Bi\u00eanio 2022\/2023 Presidente: Ol\u00edmpio Ribeiro Fran\u00e7a NetoVice-Presidente: Andr\u00e9 Ribeiro LangowiskiDiretor Administrativo: Jos\u00e9 KnopholzDiretor Financeiro: Dr. Rodrigo CerciDiretor de Comunica\u00e7\u00e3o: Abr\u00e3o Jos\u00e9 Melhem JuniorDiretor de Qualidade Profissional: Emilton Lima JuniorDiretor Representante do FUNCOR: Gustavo Lenci MarquesDiretor Cient\u00edfico: Willyan Issamu NazimaDiretor de Tecnologia de Informa\u00e7\u00e3o: Miguel Morita Fernandes da SilvaDiretor de Rela\u00e7\u00f5es [&hellip;]\" \/>\n<meta property=\"og:url\" content=\"https:\/\/www.prcardio.org\/publico-geral\/diretoria-conselho-editorial\/\" \/>\n<meta property=\"og:site_name\" content=\"SPC - Sociedade Paranaense de Cardiologia\" \/>\n<meta property=\"article:modified_time\" content=\"2022-03-09T19:42:25+00:00\" \/>\n<meta name=\"twitter:card\" content=\"summary_large_image\" \/>\n<meta name=\"twitter:label1\" content=\"Est. reading time\" \/>\n\t<meta name=\"twitter:data1\" content=\"3 minutes\" \/>\n<script type=\"application\/ld+json\" class=\"yoast-schema-graph\">{\"@context\":\"https:\\\/\\\/schema.org\",\"@graph\":[{\"@type\":\"WebPage\",\"@id\":\"https:\\\/\\\/www.prcardio.org\\\/publico-geral\\\/diretoria-conselho-editorial\\\/\",\"url\":\"https:\\\/\\\/www.prcardio.org\\\/publico-geral\\\/diretoria-conselho-editorial\\\/\",\"name\":\"SPC - Sociedade Paranaense de Cardiologia\",\"isPartOf\":{\"@id\":\"https:\\\/\\\/www.prcardio.org\\\/publico-geral\\\/#website\"},\"datePublished\":\"2020-03-19T00:29:04+00:00\",\"dateModified\":\"2022-03-09T19:42:25+00:00\",\"breadcrumb\":{\"@id\":\"https:\\\/\\\/www.prcardio.org\\\/publico-geral\\\/diretoria-conselho-editorial\\\/#breadcrumb\"},\"inLanguage\":\"pt-BR\",\"potentialAction\":[{\"@type\":\"ReadAction\",\"target\":[\"https:\\\/\\\/www.prcardio.org\\\/publico-geral\\\/diretoria-conselho-editorial\\\/\"]}]},{\"@type\":\"BreadcrumbList\",\"@id\":\"https:\\\/\\\/www.prcardio.org\\\/publico-geral\\\/diretoria-conselho-editorial\\\/#breadcrumb\",\"itemListElement\":[{\"@type\":\"ListItem\",\"position\":1,\"name\":\"In\u00edcio\",\"item\":\"https:\\\/\\\/www.prcardio.org\\\/publico-geral\\\/\"},{\"@type\":\"ListItem\",\"position\":2,\"name\":\"DIRETORIA E CONSELHO EDITORIAL\"}]},{\"@type\":\"WebSite\",\"@id\":\"https:\\\/\\\/www.prcardio.org\\\/publico-geral\\\/#website\",\"url\":\"https:\\\/\\\/www.prcardio.org\\\/publico-geral\\\/\",\"name\":\"SPC - Sociedade Paranaense de Cardiologia\",\"description\":\"\",\"potentialAction\":[{\"@type\":\"SearchAction\",\"target\":{\"@type\":\"EntryPoint\",\"urlTemplate\":\"https:\\\/\\\/www.prcardio.org\\\/publico-geral\\\/?s={search_term_string}\"},\"query-input\":{\"@type\":\"PropertyValueSpecification\",\"valueRequired\":true,\"valueName\":\"search_term_string\"}}],\"inLanguage\":\"pt-BR\"}]}<\/script>\n<!-- \/ Yoast SEO plugin. -->","yoast_head_json":{"title":"SPC - Sociedade Paranaense de Cardiologia","robots":{"index":"index","follow":"follow","max-snippet":"max-snippet:-1","max-image-preview":"max-image-preview:large","max-video-preview":"max-video-preview:-1"},"canonical":"https:\/\/www.prcardio.org\/publico-geral\/diretoria-conselho-editorial\/","og_locale":"pt_BR","og_type":"article","og_title":"SPC - Sociedade Paranaense de Cardiologia","og_description":"DIRETORIA \/ CONSELHO EDITORIAL DIRETORIA Bi\u00eanio 2022\/2023 Presidente: Ol\u00edmpio Ribeiro Fran\u00e7a NetoVice-Presidente: Andr\u00e9 Ribeiro LangowiskiDiretor Administrativo: Jos\u00e9 KnopholzDiretor Financeiro: Dr. Rodrigo CerciDiretor de Comunica\u00e7\u00e3o: Abr\u00e3o Jos\u00e9 Melhem JuniorDiretor de Qualidade Profissional: Emilton Lima JuniorDiretor Representante do FUNCOR: Gustavo Lenci MarquesDiretor Cient\u00edfico: Willyan Issamu NazimaDiretor de Tecnologia de Informa\u00e7\u00e3o: Miguel Morita Fernandes da SilvaDiretor de Rela\u00e7\u00f5es [&hellip;]","og_url":"https:\/\/www.prcardio.org\/publico-geral\/diretoria-conselho-editorial\/","og_site_name":"SPC - Sociedade Paranaense de Cardiologia","article_modified_time":"2022-03-09T19:42:25+00:00","twitter_card":"summary_large_image","twitter_misc":{"Est. reading time":"3 minutes"},"schema":{"@context":"https:\/\/schema.org","@graph":[{"@type":"WebPage","@id":"https:\/\/www.prcardio.org\/publico-geral\/diretoria-conselho-editorial\/","url":"https:\/\/www.prcardio.org\/publico-geral\/diretoria-conselho-editorial\/","name":"SPC - Sociedade Paranaense de Cardiologia","isPartOf":{"@id":"https:\/\/www.prcardio.org\/publico-geral\/#website"},"datePublished":"2020-03-19T00:29:04+00:00","dateModified":"2022-03-09T19:42:25+00:00","breadcrumb":{"@id":"https:\/\/www.prcardio.org\/publico-geral\/diretoria-conselho-editorial\/#breadcrumb"},"inLanguage":"pt-BR","potentialAction":[{"@type":"ReadAction","target":["https:\/\/www.prcardio.org\/publico-geral\/diretoria-conselho-editorial\/"]}]},{"@type":"BreadcrumbList","@id":"https:\/\/www.prcardio.org\/publico-geral\/diretoria-conselho-editorial\/#breadcrumb","itemListElement":[{"@type":"ListItem","position":1,"name":"In\u00edcio","item":"https:\/\/www.prcardio.org\/publico-geral\/"},{"@type":"ListItem","position":2,"name":"DIRETORIA E CONSELHO EDITORIAL"}]},{"@type":"WebSite","@id":"https:\/\/www.prcardio.org\/publico-geral\/#website","url":"https:\/\/www.prcardio.org\/publico-geral\/","name":"SPC - Sociedade Paranaense de Cardiologia","description":"","potentialAction":[{"@type":"SearchAction","target":{"@type":"EntryPoint","urlTemplate":"https:\/\/www.prcardio.org\/publico-geral\/?s={search_term_string}"},"query-input":{"@type":"PropertyValueSpecification","valueRequired":true,"valueName":"search_term_string"}}],"inLanguage":"pt-BR"}]}},"builder_content":"<h1>DIRETORIA \/ CONSELHO EDITORIAL<\/h1>\n<h2 style=\"text-align: center;\">DIRETORIA<\/h2>\n\n<ul><li><h4>Bi\u00eanio 2022\/2023<\/h4><p><strong>Presidente:<\/strong> Ol\u00edmpio Ribeiro Fran\u00e7a Neto<br><strong>Vice-Presidente<\/strong>: Andr\u00e9 Ribeiro Langowiski<br><strong>Diretor Administrativo:<\/strong> Jos\u00e9 Knopholz<br><strong>Diretor Financeiro:<\/strong> Dr. Rodrigo Cerci<br><strong>Diretor de Comunica\u00e7\u00e3o:<\/strong> Abr\u00e3o Jos\u00e9 Melhem Junior<br><strong>Diretor de Qualidade Profissional:<\/strong> Emilton Lima Junior<br><strong>Diretor Representante do FUNCOR:<\/strong> Gustavo Lenci Marques<br><strong>Diretor Cient\u00edfico:<\/strong> Willyan Issamu Nazima<br><strong>Diretor de Tecnologia de Informa\u00e7\u00e3o:<\/strong> Miguel Morita Fernandes da Silva<br><strong>Diretor de Rela\u00e7\u00f5es Governamentais:<\/strong> Dr. Alcirley de Almeida Luiz<br><strong>Diretor de Eventos:<\/strong> Pedro Henrique Reis<br><strong>Diretor da Regional Norte:<\/strong> Ot\u00e1vio Mangili<br><strong>Diretor da Regional Oeste:<\/strong> Dra. Ana Paula Susin Os\u00f3rio<\/p><\/li><li><h4>Bi\u00eanio 2020\/2021<\/h4><p><strong>Presidente:\u00a0<\/strong>Raul D'Aurea Mora Junior<br><strong>Vice-Presidente:\u00a0<\/strong>Andr\u00e9 Bernardi<br><strong>Diretor Administrativo:\u00a0<\/strong>Abr\u00e3o Jos\u00e9 Melhem<br><strong>Diretor Financeiro:\u00a0<\/strong>Andr\u00e9 Ribeiro Langowiski<br><strong>Diretor Comunica\u00e7\u00e3o:\u00a0<\/strong>Alcirley de Almeida Luiz<br><strong>Diretor de Qualidade Profissional:\u00a0<\/strong>Liliana Elias Pena Pilatti<br><strong>FUNCOR:\u00a0<\/strong>Jos\u00e9 Knopholz<br><strong>Diretor Cient\u00edfico:\u00a0<\/strong>Miguel Morita Fernandes da Silva<br><strong>Diretor de Tecnologia de Informa\u00e7\u00e3o:\u00a0<\/strong>Willyan Issamu Nazima<br><strong>Diretor de Eventos:\u00a0<\/strong>Ol\u00edmpio Ribeiro Fran\u00e7a Neto<br><strong>Diretor de Rela\u00e7\u00f5es Governamentais:\u00a0<\/strong>Emilton Lima Junior<\/p><\/li><li><h4>Bi\u00eanio 2018\/2019<\/h4><p><strong>Presidente:\u00a0<\/strong>Dr. Jo\u00e3o Vicente V\u00edtola \u2013 Curitiba<br><strong>Vice-Presidente:\u00a0<\/strong>Dr. Jos\u00e9 Rocha Faria Neto \u2013 Curitiba<br><strong>Diretor Administrativo:<\/strong>\u00a0Dr. Pedro Henrique Reis<br><strong>Diretor Financeiro:\u00a0<\/strong>Dra. Celia Regina Winheski \u2013 Campo Largo<br><strong>Diretor Comunica\u00e7\u00e3o:<\/strong>\u00a0Dr. Silvio Henrique Barberato \u2013 Curitiba<br><strong>Diretor de Qualidade Profissional:<\/strong>\u00a0Dr. Walmor Lemke<br><strong>FUNCOR:<\/strong>\u00a0Dr. Ot\u00e1vio Celeste Mangili \u2013 Maring\u00e1<br><strong>Diretor Cient\u00edfico:<\/strong>Dr. Rodrigo Cerci \u2013 Curitiba<br><strong>Diretor de Tecnologia de Informa\u00e7\u00e3o:<\/strong>\u00a0Dr. Willian Nazima \u2013 Londrina<br><strong>Diretor de eventos:\u00a0<\/strong>Dr. Alcirley de Almeida Luiz<br><strong>Diretor de Rela\u00e7\u00f5es Governamentais:<\/strong>\u00a0Dr. Andr\u00e9 Bernardi<\/p><\/li><li><h4>Bi\u00eanio 2016\/2017<\/h4><p><strong>Presidente:<\/strong>\u00a0Dr. Gerson Luiz Bredt J\u00fanior - Cascavel<br><strong>Vice \u2013 Presidente:\u00a0<\/strong>Dr. Luiz Antonio Fruet Bettini - Curitiba<br><strong>Diretor Administrativo:\u00a0<\/strong>Dr. Willian Nazima - Londrina<br><strong>Diretor Financeiro:\u00a0<\/strong>Dr. Andr\u00e9 Ribeiro Langowski - Curitiba<br><strong>Diretor de Comunica\u00e7\u00e3o:\u00a0<\/strong>Dr. Jo\u00e3o Vicente V\u00edtola - Curitiba<br><strong>Diretor de Qualidade Profissional:<\/strong>\u00a0Dr. Raul Daurea Mora - Maring\u00e1<br><strong>FUNCOR:<\/strong>\u00a0Dr. Miguel Ibrain Abboud Hanna Sobrinho - Curitiba<br><strong>Diretor Cient\u00edfico:<\/strong>\u00a0Dr. Silvio Henrique Barberato - Curitiba<br><strong>Diretor de Tecnologia de Informa\u00e7\u00e3o:<\/strong>\u00a0Dr. Andr\u00e9 Bernardi - Curitiba<br><strong>Diretor de Rela\u00e7\u00f5es Governamentais:\u00a0<\/strong>Dr. Alvaro Cattani \u2013 Pato Branco<br><strong>Diretor de Eventos:<\/strong>\u00a0Dr. Olimpio Ribeiro Fran\u00e7a Neto - Curitiba<\/p><\/li><li><h4>Bi\u00eanio 2014\/2015<\/h4><p><strong>Presidente:<\/strong>\u00a0Dr. Osni Moreira Filho \u2013 Curitiba<br><strong>Vice \u2013 Presidente:<\/strong>\u00a0Dr. Olimpio Ribeiro Fran\u00e7a Neto \u2013 Curitiba<br><strong>Diretor Administrativo:<\/strong>\u00a0Dr. Pedro Henrique Reis<br><strong>Diretor Financeiro:<\/strong>\u00a0Dr. Luiz Antonio Fruet Bettini \u2013 Curitiba<br><strong>Diretor Comunica\u00e7\u00e3o<\/strong>: Dr. Willian Nazima \u2013 Londrina<br><strong>Diretor de Qualidade Profissional:<\/strong>\u00a0Dr. Andr\u00e9 Ribeiro Langowski \u2013 Curitiba<br><strong>FUNCOR:\u00a0<\/strong>Dr. Abdol Hakin Assef \u2013 Maring\u00e1<br><strong>Diretor Cient\u00edfico:\u00a0<\/strong>Dr. Gerson Bredt Junior \u2013 Cascavel<br><strong>Diretor de Tecnologia de Informa\u00e7\u00e3o:<\/strong>\u00a0Dr. Tuffi Dippe Junior \u2013 Curitiba<br><strong>Diretor de Rela\u00e7\u00f5es Governamentais:\u00a0<\/strong>Dr. Miguel Ibrain Abboud Hanna Sobrinho \u2013 Curitiba<br><strong>Diretor de Eventos:<\/strong>\u00a0Dr. Jo\u00e3o Vicente V\u00edtola \u2013 Curitiba<\/p><\/li><li><h4>Bi\u00eanio 2012\/2013<\/h4><p><strong>Presidente:<\/strong>\u00a0Dr. Alvaro Vieira Moura<br><strong>Vice \u2013 Presidente:<\/strong>\u00a0Dr. Jo\u00e3o Vicente Vitola<br><strong>Diretor Cientifico:\u00a0<\/strong>Dr. Olimpio Ribeiro Jos\u00e9 Fran\u00e7a<br><strong>Diretor Administrativo:<\/strong>\u00a0Dr. Gerson Luiz Bredt Junior<br><strong>Diretor Financeiro:<\/strong>\u00a0Dr. Lidia Ana Zytynski Moura<br><strong>Diretor de Comunica\u00e7\u00e3o:<\/strong>\u00a0Dr. Osni Moreira Filho<br><strong>Diretor de Promo\u00e7\u00e3o \u00e0 Sa\u00fade\/FUNCOR:<\/strong>\u00a0Dr. Francisco Maia da Silva<br><strong>Diretor de Eventos:\u00a0<\/strong>Dr<strong>.\u00a0<\/strong>Abdol Hakin Assef (Maring\u00e1)<br><strong>Diretor de Qualidade Assistencial:<\/strong>\u00a0Dr. Otavio Jos\u00e9 Korman<br><strong>Diretor de Tecnologia de Informa\u00e7\u00e3o:<\/strong>\u00a0Dr. Wiliam Nazima (Londrina)<br><strong>Diretor de Rela\u00e7\u00f5es Governamentais:\u00a0<\/strong>Dr. Andre Ribeiro Langowski<\/p><\/li><li><h4>Bi\u00eanio 2010\/2011<\/h4><p><strong>Presidente:<\/strong>\u00a0Dr. Manoel Fernandes Canesin - Londrina<br><strong>Vice - Presidente:\u00a0<\/strong>Dr. Osni Moreira Filho<br><strong>Diretor Administrativo:<\/strong>\u00a0Dr. Silvio Henrique Barberato<strong><br>Diretor Cient\u00edfico:<\/strong>\u00a0Dr. Jos\u00e9 Rocha Faria Neto<br><strong>Diretor Financeiro:<\/strong>\u00a0Dr. Arnaldo L. Stier J\u00fanior<br><strong>Diretor de Publica\u00e7\u00e3o:<\/strong>\u00a0Dra. Divina Seila De O Marques -Londrina<br><strong>Diretor Represente FUNCOR:<\/strong>\u00a0Dr. Abdol Hakim Assef - Maring\u00e1<br><strong>Diretor de Qualidade Profissional:<\/strong>\u00a0Dr. Tufi Dippe J\u00fanior<\/p><\/li><\/ul>\n<h2 style=\"text-align: center;\">CONSELHO EDITORIAL<\/h2>\n\n<p><strong>Presidente:<\/strong> Ol\u00edmpio Ribeiro Fran\u00e7a Neto<br><strong>Vice-Presidente:<\/strong> Andr\u00e9 Ribeiro Langowiski<br><strong>Diretor Administrativo:<\/strong> Jos\u00e9 Knopholz<br><strong>Diretor Financeiro:<\/strong> Dr. Rodrigo Cerci<br><strong>Diretor de Comunica\u00e7\u00e3o:<\/strong> Abr\u00e3o Jos\u00e9 Melhem Junior<br><strong>Diretor de Qualidade Profissional:<\/strong> Emilton Lima Junior<br><strong>Diretor Representante do FUNCOR:<\/strong> Gustavo Lenci Marques<br><strong>Diretor Cient\u00edfico:<\/strong> Willyan Issamu Nazima<br><strong>Diretor de Tecnologia de Informa\u00e7\u00e3o:<\/strong> Miguel Morita Fernandes da Silva<br><strong>Diretor de Rela\u00e7\u00f5es Governamentais:<\/strong> Dr. Alcirley de Almeida Luiz<br><strong>Diretor de Eventos:<\/strong> Pedro Henrique Reis<br><strong>Diretor da Regional Norte:<\/strong> Ot\u00e1vio Mangili<br><strong>Diretor da Regional Oeste:<\/strong> Dra. Ana Paula Susin Os\u00f3rio<\/p>","_links":{"self":[{"href":"https:\/\/www.prcardio.org\/publico-geral\/wp-json\/wp\/v2\/pages\/492","targetHints":{"allow":["GET"]}}],"collection":[{"href":"https:\/\/www.prcardio.org\/publico-geral\/wp-json\/wp\/v2\/pages"}],"about":[{"href":"https:\/\/www.prcardio.org\/publico-geral\/wp-json\/wp\/v2\/types\/page"}],"author":[{"embeddable":true,"href":"https:\/\/www.prcardio.org\/publico-geral\/wp-json\/wp\/v2\/users\/1"}],"replies":[{"embeddable":true,"href":"https:\/\/www.prcardio.org\/publico-geral\/wp-json\/wp\/v2\/comments?post=492"}],"version-history":[{"count":24,"href":"https:\/\/www.prcardio.org\/publico-geral\/wp-json\/wp\/v2\/pages\/492\/revisions"}],"predecessor-version":[{"id":1023,"href":"https:\/\/www.prcardio.org\/publico-geral\/wp-json\/wp\/v2\/pages\/492\/revisions\/1023"}],"wp:attachment":[{"href":"https:\/\/www.prcardio.org\/publico-geral\/wp-json\/wp\/v2\/media?parent=492"}],"curies":[{"name":"wp","href":"https:\/\/api.w.org\/{rel}","templated":true}]}}